{"id":510,"date":"2025-08-01T17:48:47","date_gmt":"2025-08-01T15:48:47","guid":{"rendered":"https:\/\/www.generation-action-solidaire.org\/?page_id=510"},"modified":"2025-08-28T21:14:37","modified_gmt":"2025-08-28T19:14:37","slug":"mentions-legales","status":"publish","type":"page","link":"https:\/\/www.generation-action-solidaire.org\/index.php\/mentions-legales\/","title":{"rendered":"Mentions l\u00e9gales"},"content":{"rendered":"\n<div class=\"wp-block-group alignfull has-ti-bg-alt-color has-ti-bg-inv-background-color has-text-color has-background is-layout-constrained wp-container-core-group-is-layout-f4a48e69 wp-block-group-is-layout-constrained\" style=\"margin-top:0px;margin-bottom:0px;padding-top:64px;padding-bottom:64px;background-image:url(&apos;http:\/\/localhost\/generationactionsolidaire\/wp-content\/uploads\/2025\/07\/IMG_6395-Copie-2.jpg&apos;);background-size:cover;\">\n<div style=\"height:100px\" aria-hidden=\"true\" class=\"wp-block-spacer\"><\/div>\n\n\n\n<div class=\"wp-block-group alignwide is-layout-flow wp-block-group-is-layout-flow\">\n<div class=\"wp-block-group alignwide is-layout-constrained wp-block-group-is-layout-constrained\"><h1 class=\"has-text-align-center has-link-color alignwide wp-elements-1659c55acbbddafa0a8ef96f81e64794 wp-block-post-title has-text-color has-white-color\">Mentions l\u00e9gales<\/h1><\/div>\n<\/div>\n\n\n\n<div style=\"height:100px\" aria-hidden=\"true\" class=\"wp-block-spacer\"><\/div>\n<\/div>\n\n\n\n<div class=\"wp-block-group is-layout-constrained wp-block-group-is-layout-constrained\">\n<p class=\"has-small-font-size\">Conform\u00e9ment aux dispositions de la loi n\u00b02004-575 du 21 juin 2004 pour la Confiance en l\u2019\u00e9conomie<br>num\u00e9rique, il est port\u00e9 \u00e0 la connaissance des utilisateurs et visiteurs, ci-apr\u00e8s l&rsquo; \u00ab\u00a0Utilisateur\u00a0\u00bb, du site<br>www.generation-action-solidaire.org , ci-apr\u00e8s le \u00ab\u00a0Site\u00a0\u00bb, les pr\u00e9sentes mentions l\u00e9gales.<br>La connexion et la navigation sur le Site par l\u2019Utilisateur implique acceptation int\u00e9grale et sans<br>r\u00e9serve des pr\u00e9sentes mentions l\u00e9gales.<\/p>\n\n\n\n<h4 class=\"wp-block-heading\"><strong>\u00c9<\/strong>diteur<\/h4>\n\n\n\n<p class=\"has-small-font-size\">Le site <strong><a class=\"\" href=\"http:\/\/www.generation-action-solidaire.org\">www.generation-action-solidaire.org<\/a><\/strong> est \u00e9dit\u00e9 par l\u2019association <strong>G\u00e9n\u00e9ration Action Solidaire<\/strong>, association r\u00e9gie par la loi du 1er juillet 1901, d\u00e9clar\u00e9e en pr\u00e9fecture et immatricul\u00e9e au r\u00e9pertoire SIRENE sous le num\u00e9ro <strong>883 285 496<\/strong>.<\/p>\n\n\n\n<p class=\"has-small-font-size\"><strong>Si\u00e8ge social<\/strong> : 1 rue Auguste Poulain \u2013 93200 Saint-Denis<br><strong>T\u00e9l\u00e9phone<\/strong> : 07 68 77 65 90<br><strong>Adresse email<\/strong> : <a class=\"\" href=\"mailto:generation.action_solidaire@yahoo.com\">generation.action_solidaire@yahoo.com<\/a><br><strong>Directeur de la publication<\/strong> : G\u00e9n\u00e9ration Action Solidaire<\/p>\n\n\n\n<h4 class=\"wp-block-heading\">H\u00e9bergeur<\/h4>\n\n\n\n<p class=\"has-small-font-size\">Le site est h\u00e9berg\u00e9 par la soci\u00e9t\u00e9 OVH SAS, filiale de la soci\u00e9t\u00e9 OVH Groupe SA, soci\u00e9t\u00e9 immatricul\u00e9e au RCS de Lille sous le num\u00e9ro 537 407 926.<br>Adresse : 2, rue Kellermann, 59100 Roubaix<br>T\u00e9l\u00e9phone : +33 9 72 10 10 07<\/p>\n\n\n\n<h4 class=\"wp-block-heading\">Cr\u00e9dits graphiques <\/h4>\n\n\n\n<p class=\"has-small-font-size\">\u00c9l\u00e9ments graphiques issus de PNGTree<br>(Merci de se r\u00e9f\u00e9rer \u00e0 leurs conditions d\u2019utilisation respectives)<\/p>\n\n\n\n<p class=\"has-small-font-size\">Pexels, Photo de Jimmy Chan sur Pexels<\/p>\n\n\n\n<h4 class=\"wp-block-heading\">Collecte des donn\u00e9es<\/h4>\n\n\n\n<p class=\"has-small-font-size\">Le Site assure \u00e0 l&rsquo;Utilisateur une collecte et un traitement des donn\u00e9es personnelles dans le respect<br>de la vie priv\u00e9e conform\u00e9ment \u00e0 la loi n\u00b078-17 du 6 janvier 1978 relative \u00e0 l&rsquo;informatique, aux fichiers<br>aux libert\u00e9s et dans le respect de la r\u00e8glementation applicable en mati\u00e8re de traitement des donn\u00e9es<br>\u00e0 caract\u00e8re personnel conform\u00e9ment au r\u00e8glement (UE) 2016\/679 du Parlement europ\u00e9en et du<br>Conseil du 27 avril 2016 (ci-apr\u00e8s, ensemble, la \u00ab\u00a0R\u00e8glementation applicable en mati\u00e8re de<br>protection des Donn\u00e9es \u00e0 caract\u00e8re personnel\u00a0\u00bb).<br>En vertu de la R\u00e8glementation applicable en mati\u00e8re de protection des Donn\u00e9es \u00e0 caract\u00e8re<br>personnel, l&rsquo;Utilisateur dispose d&rsquo;un droit d&rsquo;acc\u00e8s, de rectification, de suppression et d&rsquo;opposition de<br>ses donn\u00e9es personnelles. <\/p>\n\n\n\n<p class=\"has-small-font-size\"><strong>L&rsquo;Utilisateur peut exercer ce droit :<br>\uf0b7 par mail \u00e0 l&rsquo;adresse email generation.action_solidaire@yahoo.com<br>\uf0b7 depuis le formulaire de contact ;<\/strong><\/p>\n\n\n\n<p class=\"has-small-font-size\"><br>Toute utilisation, reproduction, diffusion, commercialisation, modification de toute ou partie du Site,<br>sans autorisation expresse de l\u2019Editeur est prohib\u00e9e et pourra entra\u00eener des actions et poursuites<br>judiciaires telles que pr\u00e9vues par la r\u00e8glementation en vigueur.<\/p>\n\n\n\n<p class=\"has-small-font-size\"><br>Pour plus d\u2019informations, se reporter \u00e0 la Politique de confidentialit\u00e9 du site www.generationaction-solidaire.org accessible \u00e0 la page \u00ab\u00a0Politique de confidentialit\u00e9\u00a0\u00bb<\/p>\n<\/div>\n","protected":false},"excerpt":{"rendered":"<p>Conform\u00e9ment aux dispositions de la loi n\u00b02004-575 du 21 juin 2004 pour la Confiance en l\u2019\u00e9conomienum\u00e9rique, il est port\u00e9 \u00e0 la connaissance des utilisateurs et visiteurs, ci-apr\u00e8s l&rsquo; \u00ab\u00a0Utilisateur\u00a0\u00bb, du sitewww.generation-action-solidaire.org , ci-apr\u00e8s le \u00ab\u00a0Site\u00a0\u00bb, les pr\u00e9sentes mentions l\u00e9gales.La connexion et la navigation sur le Site par l\u2019Utilisateur implique acceptation int\u00e9grale et sansr\u00e9serve des pr\u00e9sentes [&hellip;]<\/p>\n","protected":false},"author":1,"featured_media":0,"parent":0,"menu_order":0,"comment_status":"closed","ping_status":"closed","template":"","meta":{"footnotes":""},"class_list":["post-510","page","type-page","status-publish","hentry"],"yoast_head":"<!-- This site is optimized with the Yoast SEO plugin v25.6 - https:\/\/yoast.com\/wordpress\/plugins\/seo\/ -->\n<title>Mentions l\u00e9gales - G\u00e9n\u00e9ration Action Solidaire<\/title>\n<meta name=\"robots\" content=\"index, follow, max-snippet:-1, max-image-preview:large, max-video-preview:-1\" \/>\n<link rel=\"canonical\" href=\"https:\/\/www.generation-action-solidaire.org\/index.php\/mentions-legales\/\" \/>\n<meta property=\"og:locale\" content=\"fr_FR\" \/>\n<meta property=\"og:type\" content=\"article\" \/>\n<meta property=\"og:title\" content=\"Mentions l\u00e9gales - G\u00e9n\u00e9ration Action Solidaire\" \/>\n<meta property=\"og:description\" content=\"Conform\u00e9ment aux dispositions de la loi n\u00b02004-575 du 21 juin 2004 pour la Confiance en l\u2019\u00e9conomienum\u00e9rique, il est port\u00e9 \u00e0 la connaissance des utilisateurs et visiteurs, ci-apr\u00e8s l&rsquo; \u00ab\u00a0Utilisateur\u00a0\u00bb, du sitewww.generation-action-solidaire.org , ci-apr\u00e8s le \u00ab\u00a0Site\u00a0\u00bb, les pr\u00e9sentes mentions l\u00e9gales.La connexion et la navigation sur le Site par l\u2019Utilisateur implique acceptation int\u00e9grale et sansr\u00e9serve des pr\u00e9sentes [&hellip;]\" \/>\n<meta property=\"og:url\" content=\"https:\/\/www.generation-action-solidaire.org\/index.php\/mentions-legales\/\" \/>\n<meta property=\"og:site_name\" content=\"G\u00e9n\u00e9ration Action Solidaire\" \/>\n<meta property=\"article:modified_time\" content=\"2025-08-28T19:14:37+00:00\" \/>\n<meta name=\"twitter:card\" content=\"summary_large_image\" \/>\n<meta name=\"twitter:label1\" content=\"Dur\u00e9e de lecture estim\u00e9e\" \/>\n\t<meta name=\"twitter:data1\" content=\"2 minutes\" \/>\n<script type=\"application\/ld+json\" class=\"yoast-schema-graph\">{\"@context\":\"https:\/\/schema.org\",\"@graph\":[{\"@type\":\"WebPage\",\"@id\":\"https:\/\/www.generation-action-solidaire.org\/index.php\/mentions-legales\/\",\"url\":\"https:\/\/www.generation-action-solidaire.org\/index.php\/mentions-legales\/\",\"name\":\"Mentions l\u00e9gales - G\u00e9n\u00e9ration Action Solidaire\",\"isPartOf\":{\"@id\":\"https:\/\/www.generation-action-solidaire.org\/#website\"},\"datePublished\":\"2025-08-01T15:48:47+00:00\",\"dateModified\":\"2025-08-28T19:14:37+00:00\",\"breadcrumb\":{\"@id\":\"https:\/\/www.generation-action-solidaire.org\/index.php\/mentions-legales\/#breadcrumb\"},\"inLanguage\":\"fr-FR\",\"potentialAction\":[{\"@type\":\"ReadAction\",\"target\":[\"https:\/\/www.generation-action-solidaire.org\/index.php\/mentions-legales\/\"]}]},{\"@type\":\"BreadcrumbList\",\"@id\":\"https:\/\/www.generation-action-solidaire.org\/index.php\/mentions-legales\/#breadcrumb\",\"itemListElement\":[{\"@type\":\"ListItem\",\"position\":1,\"name\":\"Accueil\",\"item\":\"https:\/\/www.generation-action-solidaire.org\/\"},{\"@type\":\"ListItem\",\"position\":2,\"name\":\"Mentions l\u00e9gales\"}]},{\"@type\":\"WebSite\",\"@id\":\"https:\/\/www.generation-action-solidaire.org\/#website\",\"url\":\"https:\/\/www.generation-action-solidaire.org\/\",\"name\":\"G\u00e9n\u00e9ration Action Solidaire\",\"description\":\"\",\"publisher\":{\"@id\":\"https:\/\/www.generation-action-solidaire.org\/#organization\"},\"potentialAction\":[{\"@type\":\"SearchAction\",\"target\":{\"@type\":\"EntryPoint\",\"urlTemplate\":\"https:\/\/www.generation-action-solidaire.org\/?s={search_term_string}\"},\"query-input\":{\"@type\":\"PropertyValueSpecification\",\"valueRequired\":true,\"valueName\":\"search_term_string\"}}],\"inLanguage\":\"fr-FR\"},{\"@type\":\"Organization\",\"@id\":\"https:\/\/www.generation-action-solidaire.org\/#organization\",\"name\":\"G\u00e9n\u00e9ration Action Solidaire\",\"url\":\"https:\/\/www.generation-action-solidaire.org\/\",\"logo\":{\"@type\":\"ImageObject\",\"inLanguage\":\"fr-FR\",\"@id\":\"https:\/\/www.generation-action-solidaire.org\/#\/schema\/logo\/image\/\",\"url\":\"https:\/\/www.generation-action-solidaire.org\/wp-content\/uploads\/2025\/07\/logo-gas.jpg\",\"contentUrl\":\"https:\/\/www.generation-action-solidaire.org\/wp-content\/uploads\/2025\/07\/logo-gas.jpg\",\"width\":224,\"height\":224,\"caption\":\"G\u00e9n\u00e9ration Action Solidaire\"},\"image\":{\"@id\":\"https:\/\/www.generation-action-solidaire.org\/#\/schema\/logo\/image\/\"},\"sameAs\":[\"https:\/\/www.instagram.com\/generation_action_solidaire\/\"]}]}<\/script>\n<!-- \/ Yoast SEO plugin. -->","yoast_head_json":{"title":"Mentions l\u00e9gales - G\u00e9n\u00e9ration Action Solidaire","robots":{"index":"index","follow":"follow","max-snippet":"max-snippet:-1","max-image-preview":"max-image-preview:large","max-video-preview":"max-video-preview:-1"},"canonical":"https:\/\/www.generation-action-solidaire.org\/index.php\/mentions-legales\/","og_locale":"fr_FR","og_type":"article","og_title":"Mentions l\u00e9gales - G\u00e9n\u00e9ration Action Solidaire","og_description":"Conform\u00e9ment aux dispositions de la loi n\u00b02004-575 du 21 juin 2004 pour la Confiance en l\u2019\u00e9conomienum\u00e9rique, il est port\u00e9 \u00e0 la connaissance des utilisateurs et visiteurs, ci-apr\u00e8s l&rsquo; \u00ab\u00a0Utilisateur\u00a0\u00bb, du sitewww.generation-action-solidaire.org , ci-apr\u00e8s le \u00ab\u00a0Site\u00a0\u00bb, les pr\u00e9sentes mentions l\u00e9gales.La connexion et la navigation sur le Site par l\u2019Utilisateur implique acceptation int\u00e9grale et sansr\u00e9serve des pr\u00e9sentes [&hellip;]","og_url":"https:\/\/www.generation-action-solidaire.org\/index.php\/mentions-legales\/","og_site_name":"G\u00e9n\u00e9ration Action Solidaire","article_modified_time":"2025-08-28T19:14:37+00:00","twitter_card":"summary_large_image","twitter_misc":{"Dur\u00e9e de lecture estim\u00e9e":"2 minutes"},"schema":{"@context":"https:\/\/schema.org","@graph":[{"@type":"WebPage","@id":"https:\/\/www.generation-action-solidaire.org\/index.php\/mentions-legales\/","url":"https:\/\/www.generation-action-solidaire.org\/index.php\/mentions-legales\/","name":"Mentions l\u00e9gales - G\u00e9n\u00e9ration Action Solidaire","isPartOf":{"@id":"https:\/\/www.generation-action-solidaire.org\/#website"},"datePublished":"2025-08-01T15:48:47+00:00","dateModified":"2025-08-28T19:14:37+00:00","breadcrumb":{"@id":"https:\/\/www.generation-action-solidaire.org\/index.php\/mentions-legales\/#breadcrumb"},"inLanguage":"fr-FR","potentialAction":[{"@type":"ReadAction","target":["https:\/\/www.generation-action-solidaire.org\/index.php\/mentions-legales\/"]}]},{"@type":"BreadcrumbList","@id":"https:\/\/www.generation-action-solidaire.org\/index.php\/mentions-legales\/#breadcrumb","itemListElement":[{"@type":"ListItem","position":1,"name":"Accueil","item":"https:\/\/www.generation-action-solidaire.org\/"},{"@type":"ListItem","position":2,"name":"Mentions l\u00e9gales"}]},{"@type":"WebSite","@id":"https:\/\/www.generation-action-solidaire.org\/#website","url":"https:\/\/www.generation-action-solidaire.org\/","name":"G\u00e9n\u00e9ration Action Solidaire","description":"","publisher":{"@id":"https:\/\/www.generation-action-solidaire.org\/#organization"},"potentialAction":[{"@type":"SearchAction","target":{"@type":"EntryPoint","urlTemplate":"https:\/\/www.generation-action-solidaire.org\/?s={search_term_string}"},"query-input":{"@type":"PropertyValueSpecification","valueRequired":true,"valueName":"search_term_string"}}],"inLanguage":"fr-FR"},{"@type":"Organization","@id":"https:\/\/www.generation-action-solidaire.org\/#organization","name":"G\u00e9n\u00e9ration Action Solidaire","url":"https:\/\/www.generation-action-solidaire.org\/","logo":{"@type":"ImageObject","inLanguage":"fr-FR","@id":"https:\/\/www.generation-action-solidaire.org\/#\/schema\/logo\/image\/","url":"https:\/\/www.generation-action-solidaire.org\/wp-content\/uploads\/2025\/07\/logo-gas.jpg","contentUrl":"https:\/\/www.generation-action-solidaire.org\/wp-content\/uploads\/2025\/07\/logo-gas.jpg","width":224,"height":224,"caption":"G\u00e9n\u00e9ration Action Solidaire"},"image":{"@id":"https:\/\/www.generation-action-solidaire.org\/#\/schema\/logo\/image\/"},"sameAs":["https:\/\/www.instagram.com\/generation_action_solidaire\/"]}]}},"_links":{"self":[{"href":"https:\/\/www.generation-action-solidaire.org\/index.php\/wp-json\/wp\/v2\/pages\/510","targetHints":{"allow":["GET"]}}],"collection":[{"href":"https:\/\/www.generation-action-solidaire.org\/index.php\/wp-json\/wp\/v2\/pages"}],"about":[{"href":"https:\/\/www.generation-action-solidaire.org\/index.php\/wp-json\/wp\/v2\/types\/page"}],"author":[{"embeddable":true,"href":"https:\/\/www.generation-action-solidaire.org\/index.php\/wp-json\/wp\/v2\/users\/1"}],"replies":[{"embeddable":true,"href":"https:\/\/www.generation-action-solidaire.org\/index.php\/wp-json\/wp\/v2\/comments?post=510"}],"version-history":[{"count":3,"href":"https:\/\/www.generation-action-solidaire.org\/index.php\/wp-json\/wp\/v2\/pages\/510\/revisions"}],"predecessor-version":[{"id":568,"href":"https:\/\/www.generation-action-solidaire.org\/index.php\/wp-json\/wp\/v2\/pages\/510\/revisions\/568"}],"wp:attachment":[{"href":"https:\/\/www.generation-action-solidaire.org\/index.php\/wp-json\/wp\/v2\/media?parent=510"}],"curies":[{"name":"wp","href":"https:\/\/api.w.org\/{rel}","templated":true}]}}