{"id":238,"date":"2025-07-16T04:55:01","date_gmt":"2025-07-16T02:55:01","guid":{"rendered":"http:\/\/localhost\/generationactionsolidaire\/?page_id=238"},"modified":"2025-08-02T20:41:18","modified_gmt":"2025-08-02T18:41:18","slug":"pole-reemploi","status":"publish","type":"page","link":"https:\/\/www.generation-action-solidaire.org\/index.php\/pole-reemploi\/","title":{"rendered":"P\u00f4le r\u00e9emploi"},"content":{"rendered":"\n<div class=\"wp-block-group alignfull has-white-color has-ti-bg-alt-background-color has-text-color has-background is-layout-flow wp-container-core-group-is-layout-faa2fd2d wp-block-group-is-layout-flow\" style=\"margin-top:0px;margin-bottom:0px;padding-top:64px;padding-bottom:64px;background-image:url(&apos;https:\/\/www.generation-action-solidaire.org\/wp-content\/uploads\/2025\/08\/pole-reemploi.jpeg&apos;);background-position:47% 16%;background-size:cover;\">\n<div style=\"height:100px\" aria-hidden=\"true\" class=\"wp-block-spacer\"><\/div>\n\n\n\n<div class=\"wp-block-group alignwide is-layout-flow wp-block-group-is-layout-flow\">\n<div class=\"wp-block-group alignwide is-layout-constrained wp-block-group-is-layout-constrained\"><h1 style=\"border-radius:0px;border-style:none;border-width:0px;\" class=\"has-text-align-center has-link-color alignwide wp-elements-f92db260b05ada327aacb95f062e4ec3 wp-block-post-title has-text-color has-white-color\">P\u00f4le r\u00e9emploi<\/h1><\/div>\n<\/div>\n\n\n\n<div style=\"height:100px\" aria-hidden=\"true\" class=\"wp-block-spacer\"><\/div>\n<\/div>\n\n\n\n<p>Le p\u00f4le r\u00e9emploi a \u00e0 coeur d&rsquo;encourager le r\u00e9emploi et la seconde main en collectant des objets pr\u00e9alablement destin\u00e9s \u00e0 \u00eatre d\u00e9barrass\u00e9s.<\/p>\n\n\n\n<h4 class=\"wp-block-heading\">Les braderies solidaires :<\/h4>\n\n\n\n<p>Nous organisons des braderies solidaires permettant l&rsquo;acc\u00e8s \u00e0 des v\u00eatements de qualit\u00e9 \u00e0 faible co\u00fbt pour les familles en pr\u00e9carit\u00e9.<\/p>\n\n\n\n<p>Organis\u00e9es quatre fois par an depuis 2021, elles ont d\u00e9but\u00e9 en collaboration avec l\u2019association CAELI, sp\u00e9cialis\u00e9e dans la r\u00e9cup\u00e9ration de v\u00eatements pour les structures<br>d\u2019h\u00e9bergement d\u2019urgence. Nous avons ensuite poursuivi l\u2019aventure en toute autonomie.<\/p>\n\n\n\n<div class=\"wp-block-group is-nowrap is-layout-flex wp-container-core-group-is-layout-6c531013 wp-block-group-is-layout-flex\">\n<figure class=\"wp-block-image size-full is-resized\"><img loading=\"lazy\" decoding=\"async\" width=\"530\" height=\"860\" src=\"http:\/\/localhost\/generationactionsolidaire\/wp-content\/uploads\/2025\/07\/Capture-decran-2025-07-29-220911.png\" alt=\"\" class=\"wp-image-442\" style=\"width:148px;height:auto\" srcset=\"https:\/\/www.generation-action-solidaire.org\/wp-content\/uploads\/2025\/07\/Capture-decran-2025-07-29-220911.png 530w, https:\/\/www.generation-action-solidaire.org\/wp-content\/uploads\/2025\/07\/Capture-decran-2025-07-29-220911-185x300.png 185w\" sizes=\"auto, (max-width: 530px) 100vw, 530px\" \/><\/figure>\n\n\n\n<figure class=\"wp-block-image size-full is-resized\"><img loading=\"lazy\" decoding=\"async\" width=\"530\" height=\"740\" src=\"http:\/\/localhost\/generationactionsolidaire\/wp-content\/uploads\/2025\/07\/Capture-decran-2025-07-29-220923.png\" alt=\"\" class=\"wp-image-443\" style=\"width:168px;height:auto\" srcset=\"https:\/\/www.generation-action-solidaire.org\/wp-content\/uploads\/2025\/07\/Capture-decran-2025-07-29-220923.png 530w, https:\/\/www.generation-action-solidaire.org\/wp-content\/uploads\/2025\/07\/Capture-decran-2025-07-29-220923-215x300.png 215w\" sizes=\"auto, (max-width: 530px) 100vw, 530px\" \/><\/figure>\n<\/div>\n\n\n\n<h4 class=\"wp-block-heading\">Ressourceries \u00c9ph\u00e9m\u00e8res <\/h4>\n\n\n\n<p>Collecte et vente \u00e0 bas prix, offrant des biens de seconde main pour soutenir le d\u00e9veloppement durable et l\u2019entraide.<\/p>\n\n\n\n<h4 class=\"wp-block-heading\">Le vide grenier annuel :<\/h4>\n\n\n\n<p>Lieu : Avenue du Stade de France. <\/p>\n\n\n\n<p>Participants : Plus de 60 exposants et nombreux visiteurs.<\/p>\n\n\n\n<p>D\u00e8s la premi\u00e8re \u00e9dition, le vide grenier a contribu\u00e9 \u00e0 la Coh\u00e9sion Sociale et Dynamisation du Quartier. En effet, cela a permis de renforcer les liens entre habitants dans un cadre convivial.<\/p>\n\n\n\n<p>Financi\u00e8rement , le vide grenier annuel nous permet de g\u00e9n\u00e9rer des fonds pour l&rsquo;association via les frais d&rsquo;inscription des exposants et la vente de collations. En terme d&rsquo;impact, chaque \u00e9dition annuelle a du succ\u00e8s en termes d\u2019animation locale et satisfaction des habitants, soulignant le r\u00f4le de l&rsquo;\u00e9v\u00e9nement dans la revitalisation du quartier.<\/p>\n\n\n\n<div class=\"wp-block-group is-nowrap is-layout-flex wp-container-core-group-is-layout-6c531013 wp-block-group-is-layout-flex\">\n<figure class=\"wp-block-image size-full is-resized\"><img loading=\"lazy\" decoding=\"async\" width=\"847\" height=\"487\" src=\"http:\/\/localhost\/generationactionsolidaire\/wp-content\/uploads\/2025\/07\/Capture-decran-2025-07-29-220836-1.png\" alt=\"\" class=\"wp-image-445\" style=\"width:532px;height:auto\" srcset=\"https:\/\/www.generation-action-solidaire.org\/wp-content\/uploads\/2025\/07\/Capture-decran-2025-07-29-220836-1.png 847w, https:\/\/www.generation-action-solidaire.org\/wp-content\/uploads\/2025\/07\/Capture-decran-2025-07-29-220836-1-300x172.png 300w, https:\/\/www.generation-action-solidaire.org\/wp-content\/uploads\/2025\/07\/Capture-decran-2025-07-29-220836-1-768x442.png 768w\" sizes=\"auto, (max-width: 847px) 100vw, 847px\" \/><\/figure>\n\n\n\n<figure class=\"wp-block-image size-full\"><img loading=\"lazy\" decoding=\"async\" width=\"529\" height=\"300\" src=\"http:\/\/localhost\/generationactionsolidaire\/wp-content\/uploads\/2025\/07\/Capture-decran-2025-07-29-220852.png\" alt=\"\" class=\"wp-image-446\" srcset=\"https:\/\/www.generation-action-solidaire.org\/wp-content\/uploads\/2025\/07\/Capture-decran-2025-07-29-220852.png 529w, https:\/\/www.generation-action-solidaire.org\/wp-content\/uploads\/2025\/07\/Capture-decran-2025-07-29-220852-300x170.png 300w\" sizes=\"auto, (max-width: 529px) 100vw, 529px\" \/><\/figure>\n<\/div>\n\n\n\n<h4 class=\"wp-block-heading has-text-align-center\">La boutique solidaire :<\/h4>\n\n\n\n<figure class=\"wp-block-image aligncenter size-large is-resized\"><img loading=\"lazy\" decoding=\"async\" width=\"1024\" height=\"576\" src=\"http:\/\/localhost\/generationactionsolidaire\/wp-content\/uploads\/2025\/07\/WhatsApp-Image-2025-07-28-at-14.06.21-1-1-1024x576.jpeg\" alt=\"\" class=\"wp-image-428\" style=\"width:692px;height:auto\" srcset=\"https:\/\/www.generation-action-solidaire.org\/wp-content\/uploads\/2025\/07\/WhatsApp-Image-2025-07-28-at-14.06.21-1-1-1024x576.jpeg 1024w, https:\/\/www.generation-action-solidaire.org\/wp-content\/uploads\/2025\/07\/WhatsApp-Image-2025-07-28-at-14.06.21-1-1-300x169.jpeg 300w, https:\/\/www.generation-action-solidaire.org\/wp-content\/uploads\/2025\/07\/WhatsApp-Image-2025-07-28-at-14.06.21-1-1-768x432.jpeg 768w, https:\/\/www.generation-action-solidaire.org\/wp-content\/uploads\/2025\/07\/WhatsApp-Image-2025-07-28-at-14.06.21-1-1-1536x864.jpeg 1536w, https:\/\/www.generation-action-solidaire.org\/wp-content\/uploads\/2025\/07\/WhatsApp-Image-2025-07-28-at-14.06.21-1-1.jpeg 1600w\" sizes=\"auto, (max-width: 1024px) 100vw, 1024px\" \/><\/figure>\n\n\n\n<p>Depuis 2025, une&nbsp;<strong>ressourcerie<\/strong> et une boutique solidaire ont ouvert leurs portes \u00e0 La Courneuve. <\/p>\n\n\n\n<p>La boutique cible :<\/p>\n\n\n\n<p>\u2192 Particuliers (Tous \u00e2ges et milieux socio-\u00e9conomiques)<\/p>\n\n\n\n<p>\u2192 Personnes \u00e0 faibles revenus : Acc\u00e8s abordable \u00e0 des biens essentiels (meubles, \u00e9lectrom\u00e9nager, v\u00eatements).<\/p>\n\n\n\n<p>\u2192 Consommateurs \u00e9cologiques : Achat d\u2019occasion pour r\u00e9duire leur empreinte \u00e9cologique.<\/p>\n\n\n\n<p>\u2192 Jeunes et \u00e9tudiants : Produits d\u2019occasion abordables pour l\u2019ameublement.<\/p>\n\n\n\n<p>\u2192 Familles : Alternatives \u00e9conomiques pour des articles pour enfants (v\u00eatements, jouets)<\/p>\n\n\n\n<p>C&rsquo;est \u00e9galement un lieu social, d\u2019\u00e9changes, de rencontres entre les habitants de la ville mais \u00e9galement avec d\u2019autres associations. L&rsquo;objectif est de pouvoir ouvrir une \u00e0 deux fois? par semaine.<\/p>\n\n\n\n<p><strong><em>Ju<\/em><\/strong><em><strong>illet 2025 <\/strong><\/em>: Depuis que notre boutique solidaire a ouvert ses portes le 8 mars 2025&#8230;nous avons collect\u00e9 <\/p>\n\n\n\n<ul class=\"wp-block-list\">\n<li>200 kg de v\u00eatements<\/li>\n\n\n\n<li>44,71 kg de livres<\/li>\n\n\n\n<li>42 kg de vaisselle<\/li>\n\n\n\n<li>59kg de pu\u00e9riculture<\/li>\n\n\n\n<li>41,08kg d&rsquo;objets divers<\/li>\n\n\n\n<li>84,71kg de jouets et jeux<\/li>\n<\/ul>\n\n\n\n<p>soit un total de <strong>471,5KG DE DONS<\/strong>. Par ailleurs, 960 personnes ont achet\u00e9 en 4 mois.<\/p>\n\n\n\n<h3 class=\"wp-block-heading has-text-align-center\">AVANT \/ APR\u00c8S <\/h3>\n\n\n\n<div class=\"wp-block-columns is-layout-flex wp-container-core-columns-is-layout-28f84493 wp-block-columns-is-layout-flex\">\n<div class=\"wp-block-column is-layout-flow wp-block-column-is-layout-flow\">\n<figure class=\"wp-block-image size-large\"><img loading=\"lazy\" decoding=\"async\" width=\"1024\" height=\"576\" src=\"http:\/\/localhost\/generationactionsolidaire\/wp-content\/uploads\/2025\/07\/WhatsApp-Image-2025-07-29-at-18.10.36-1-1-1024x576.jpeg\" alt=\"\" class=\"wp-image-423\" srcset=\"https:\/\/www.generation-action-solidaire.org\/wp-content\/uploads\/2025\/07\/WhatsApp-Image-2025-07-29-at-18.10.36-1-1-1024x576.jpeg 1024w, https:\/\/www.generation-action-solidaire.org\/wp-content\/uploads\/2025\/07\/WhatsApp-Image-2025-07-29-at-18.10.36-1-1-300x169.jpeg 300w, https:\/\/www.generation-action-solidaire.org\/wp-content\/uploads\/2025\/07\/WhatsApp-Image-2025-07-29-at-18.10.36-1-1-768x432.jpeg 768w, https:\/\/www.generation-action-solidaire.org\/wp-content\/uploads\/2025\/07\/WhatsApp-Image-2025-07-29-at-18.10.36-1-1-1536x864.jpeg 1536w, https:\/\/www.generation-action-solidaire.org\/wp-content\/uploads\/2025\/07\/WhatsApp-Image-2025-07-29-at-18.10.36-1-1.jpeg 2040w\" sizes=\"auto, (max-width: 1024px) 100vw, 1024px\" \/><\/figure>\n<\/div>\n\n\n\n<div class=\"wp-block-column is-layout-flow wp-block-column-is-layout-flow\">\n<figure class=\"wp-block-image size-large\"><img loading=\"lazy\" decoding=\"async\" width=\"1148\" height=\"861\" src=\"http:\/\/localhost\/generationactionsolidaire\/wp-content\/uploads\/2025\/07\/WhatsApp-Image-2025-07-29-at-18.10.36-3-edited-1.jpeg\" alt=\"\" class=\"wp-image-427\" srcset=\"https:\/\/www.generation-action-solidaire.org\/wp-content\/uploads\/2025\/07\/WhatsApp-Image-2025-07-29-at-18.10.36-3-edited-1.jpeg 1148w, https:\/\/www.generation-action-solidaire.org\/wp-content\/uploads\/2025\/07\/WhatsApp-Image-2025-07-29-at-18.10.36-3-edited-1-300x225.jpeg 300w, https:\/\/www.generation-action-solidaire.org\/wp-content\/uploads\/2025\/07\/WhatsApp-Image-2025-07-29-at-18.10.36-3-edited-1-1024x768.jpeg 1024w, https:\/\/www.generation-action-solidaire.org\/wp-content\/uploads\/2025\/07\/WhatsApp-Image-2025-07-29-at-18.10.36-3-edited-1-768x576.jpeg 768w\" sizes=\"auto, (max-width: 1148px) 100vw, 1148px\" \/><\/figure>\n<\/div>\n\n\n\n<div class=\"wp-block-column is-layout-flow wp-block-column-is-layout-flow\">\n<figure class=\"wp-block-image size-large\"><img loading=\"lazy\" decoding=\"async\" width=\"1024\" height=\"576\" src=\"http:\/\/localhost\/generationactionsolidaire\/wp-content\/uploads\/2025\/07\/WhatsApp-Image-2025-07-29-at-18.10.36-2-1-1024x576.jpeg\" alt=\"\" class=\"wp-image-425\" srcset=\"https:\/\/www.generation-action-solidaire.org\/wp-content\/uploads\/2025\/07\/WhatsApp-Image-2025-07-29-at-18.10.36-2-1-1024x576.jpeg 1024w, https:\/\/www.generation-action-solidaire.org\/wp-content\/uploads\/2025\/07\/WhatsApp-Image-2025-07-29-at-18.10.36-2-1-300x169.jpeg 300w, https:\/\/www.generation-action-solidaire.org\/wp-content\/uploads\/2025\/07\/WhatsApp-Image-2025-07-29-at-18.10.36-2-1-768x432.jpeg 768w, https:\/\/www.generation-action-solidaire.org\/wp-content\/uploads\/2025\/07\/WhatsApp-Image-2025-07-29-at-18.10.36-2-1-1536x864.jpeg 1536w, https:\/\/www.generation-action-solidaire.org\/wp-content\/uploads\/2025\/07\/WhatsApp-Image-2025-07-29-at-18.10.36-2-1.jpeg 1600w\" sizes=\"auto, (max-width: 1024px) 100vw, 1024px\" \/><\/figure>\n<\/div>\n<\/div>\n","protected":false},"excerpt":{"rendered":"<p>Le p\u00f4le r\u00e9emploi a \u00e0 coeur d&rsquo;encourager le r\u00e9emploi et la seconde main en collectant des objets pr\u00e9alablement destin\u00e9s \u00e0 \u00eatre d\u00e9barrass\u00e9s. Les braderies solidaires : Nous organisons des braderies solidaires permettant l&rsquo;acc\u00e8s \u00e0 des v\u00eatements de qualit\u00e9 \u00e0 faible co\u00fbt pour les familles en pr\u00e9carit\u00e9. Organis\u00e9es quatre fois par an depuis 2021, elles ont [&hellip;]<\/p>\n","protected":false},"author":1,"featured_media":0,"parent":0,"menu_order":0,"comment_status":"closed","ping_status":"closed","template":"","meta":{"footnotes":""},"class_list":["post-238","page","type-page","status-publish","hentry"],"yoast_head":"<!-- This site is optimized with the Yoast SEO plugin v25.6 - https:\/\/yoast.com\/wordpress\/plugins\/seo\/ -->\n<title>P\u00f4le r\u00e9emploi - G\u00e9n\u00e9ration Action Solidaire<\/title>\n<meta name=\"robots\" content=\"index, follow, max-snippet:-1, max-image-preview:large, max-video-preview:-1\" \/>\n<link rel=\"canonical\" href=\"https:\/\/www.generation-action-solidaire.org\/index.php\/pole-reemploi\/\" \/>\n<meta property=\"og:locale\" content=\"fr_FR\" \/>\n<meta property=\"og:type\" content=\"article\" \/>\n<meta property=\"og:title\" content=\"P\u00f4le r\u00e9emploi - G\u00e9n\u00e9ration Action Solidaire\" \/>\n<meta property=\"og:description\" content=\"Le p\u00f4le r\u00e9emploi a \u00e0 coeur d&rsquo;encourager le r\u00e9emploi et la seconde main en collectant des objets pr\u00e9alablement destin\u00e9s \u00e0 \u00eatre d\u00e9barrass\u00e9s. Les braderies solidaires : Nous organisons des braderies solidaires permettant l&rsquo;acc\u00e8s \u00e0 des v\u00eatements de qualit\u00e9 \u00e0 faible co\u00fbt pour les familles en pr\u00e9carit\u00e9. Organis\u00e9es quatre fois par an depuis 2021, elles ont [&hellip;]\" \/>\n<meta property=\"og:url\" content=\"https:\/\/www.generation-action-solidaire.org\/index.php\/pole-reemploi\/\" \/>\n<meta property=\"og:site_name\" content=\"G\u00e9n\u00e9ration Action Solidaire\" \/>\n<meta property=\"article:modified_time\" content=\"2025-08-02T18:41:18+00:00\" \/>\n<meta property=\"og:image\" content=\"https:\/\/www.generation-action-solidaire.org\/wp-content\/uploads\/2025\/07\/Capture-decran-2025-07-29-220911.png\" \/>\n\t<meta property=\"og:image:width\" content=\"530\" \/>\n\t<meta property=\"og:image:height\" content=\"860\" \/>\n\t<meta property=\"og:image:type\" content=\"image\/png\" \/>\n<meta name=\"twitter:card\" content=\"summary_large_image\" \/>\n<meta name=\"twitter:label1\" content=\"Dur\u00e9e de lecture estim\u00e9e\" \/>\n\t<meta name=\"twitter:data1\" content=\"4 minutes\" \/>\n<script type=\"application\/ld+json\" class=\"yoast-schema-graph\">{\"@context\":\"https:\/\/schema.org\",\"@graph\":[{\"@type\":\"WebPage\",\"@id\":\"https:\/\/www.generation-action-solidaire.org\/index.php\/pole-reemploi\/\",\"url\":\"https:\/\/www.generation-action-solidaire.org\/index.php\/pole-reemploi\/\",\"name\":\"P\u00f4le r\u00e9emploi - G\u00e9n\u00e9ration Action Solidaire\",\"isPartOf\":{\"@id\":\"https:\/\/www.generation-action-solidaire.org\/#website\"},\"primaryImageOfPage\":{\"@id\":\"https:\/\/www.generation-action-solidaire.org\/index.php\/pole-reemploi\/#primaryimage\"},\"image\":{\"@id\":\"https:\/\/www.generation-action-solidaire.org\/index.php\/pole-reemploi\/#primaryimage\"},\"thumbnailUrl\":\"http:\/\/localhost\/generationactionsolidaire\/wp-content\/uploads\/2025\/07\/Capture-decran-2025-07-29-220911.png\",\"datePublished\":\"2025-07-16T02:55:01+00:00\",\"dateModified\":\"2025-08-02T18:41:18+00:00\",\"breadcrumb\":{\"@id\":\"https:\/\/www.generation-action-solidaire.org\/index.php\/pole-reemploi\/#breadcrumb\"},\"inLanguage\":\"fr-FR\",\"potentialAction\":[{\"@type\":\"ReadAction\",\"target\":[\"https:\/\/www.generation-action-solidaire.org\/index.php\/pole-reemploi\/\"]}]},{\"@type\":\"ImageObject\",\"inLanguage\":\"fr-FR\",\"@id\":\"https:\/\/www.generation-action-solidaire.org\/index.php\/pole-reemploi\/#primaryimage\",\"url\":\"http:\/\/localhost\/generationactionsolidaire\/wp-content\/uploads\/2025\/07\/Capture-decran-2025-07-29-220911.png\",\"contentUrl\":\"http:\/\/localhost\/generationactionsolidaire\/wp-content\/uploads\/2025\/07\/Capture-decran-2025-07-29-220911.png\"},{\"@type\":\"BreadcrumbList\",\"@id\":\"https:\/\/www.generation-action-solidaire.org\/index.php\/pole-reemploi\/#breadcrumb\",\"itemListElement\":[{\"@type\":\"ListItem\",\"position\":1,\"name\":\"Accueil\",\"item\":\"https:\/\/www.generation-action-solidaire.org\/\"},{\"@type\":\"ListItem\",\"position\":2,\"name\":\"P\u00f4le r\u00e9emploi\"}]},{\"@type\":\"WebSite\",\"@id\":\"https:\/\/www.generation-action-solidaire.org\/#website\",\"url\":\"https:\/\/www.generation-action-solidaire.org\/\",\"name\":\"G\u00e9n\u00e9ration Action Solidaire\",\"description\":\"\",\"publisher\":{\"@id\":\"https:\/\/www.generation-action-solidaire.org\/#organization\"},\"potentialAction\":[{\"@type\":\"SearchAction\",\"target\":{\"@type\":\"EntryPoint\",\"urlTemplate\":\"https:\/\/www.generation-action-solidaire.org\/?s={search_term_string}\"},\"query-input\":{\"@type\":\"PropertyValueSpecification\",\"valueRequired\":true,\"valueName\":\"search_term_string\"}}],\"inLanguage\":\"fr-FR\"},{\"@type\":\"Organization\",\"@id\":\"https:\/\/www.generation-action-solidaire.org\/#organization\",\"name\":\"G\u00e9n\u00e9ration Action Solidaire\",\"url\":\"https:\/\/www.generation-action-solidaire.org\/\",\"logo\":{\"@type\":\"ImageObject\",\"inLanguage\":\"fr-FR\",\"@id\":\"https:\/\/www.generation-action-solidaire.org\/#\/schema\/logo\/image\/\",\"url\":\"https:\/\/www.generation-action-solidaire.org\/wp-content\/uploads\/2025\/07\/logo-gas.jpg\",\"contentUrl\":\"https:\/\/www.generation-action-solidaire.org\/wp-content\/uploads\/2025\/07\/logo-gas.jpg\",\"width\":224,\"height\":224,\"caption\":\"G\u00e9n\u00e9ration Action Solidaire\"},\"image\":{\"@id\":\"https:\/\/www.generation-action-solidaire.org\/#\/schema\/logo\/image\/\"},\"sameAs\":[\"https:\/\/www.instagram.com\/generation_action_solidaire\/\"]}]}<\/script>\n<!-- \/ Yoast SEO plugin. -->","yoast_head_json":{"title":"P\u00f4le r\u00e9emploi - G\u00e9n\u00e9ration Action Solidaire","robots":{"index":"index","follow":"follow","max-snippet":"max-snippet:-1","max-image-preview":"max-image-preview:large","max-video-preview":"max-video-preview:-1"},"canonical":"https:\/\/www.generation-action-solidaire.org\/index.php\/pole-reemploi\/","og_locale":"fr_FR","og_type":"article","og_title":"P\u00f4le r\u00e9emploi - G\u00e9n\u00e9ration Action Solidaire","og_description":"Le p\u00f4le r\u00e9emploi a \u00e0 coeur d&rsquo;encourager le r\u00e9emploi et la seconde main en collectant des objets pr\u00e9alablement destin\u00e9s \u00e0 \u00eatre d\u00e9barrass\u00e9s. Les braderies solidaires : Nous organisons des braderies solidaires permettant l&rsquo;acc\u00e8s \u00e0 des v\u00eatements de qualit\u00e9 \u00e0 faible co\u00fbt pour les familles en pr\u00e9carit\u00e9. Organis\u00e9es quatre fois par an depuis 2021, elles ont [&hellip;]","og_url":"https:\/\/www.generation-action-solidaire.org\/index.php\/pole-reemploi\/","og_site_name":"G\u00e9n\u00e9ration Action Solidaire","article_modified_time":"2025-08-02T18:41:18+00:00","og_image":[{"width":530,"height":860,"url":"https:\/\/www.generation-action-solidaire.org\/wp-content\/uploads\/2025\/07\/Capture-decran-2025-07-29-220911.png","type":"image\/png"}],"twitter_card":"summary_large_image","twitter_misc":{"Dur\u00e9e de lecture estim\u00e9e":"4 minutes"},"schema":{"@context":"https:\/\/schema.org","@graph":[{"@type":"WebPage","@id":"https:\/\/www.generation-action-solidaire.org\/index.php\/pole-reemploi\/","url":"https:\/\/www.generation-action-solidaire.org\/index.php\/pole-reemploi\/","name":"P\u00f4le r\u00e9emploi - G\u00e9n\u00e9ration Action Solidaire","isPartOf":{"@id":"https:\/\/www.generation-action-solidaire.org\/#website"},"primaryImageOfPage":{"@id":"https:\/\/www.generation-action-solidaire.org\/index.php\/pole-reemploi\/#primaryimage"},"image":{"@id":"https:\/\/www.generation-action-solidaire.org\/index.php\/pole-reemploi\/#primaryimage"},"thumbnailUrl":"http:\/\/localhost\/generationactionsolidaire\/wp-content\/uploads\/2025\/07\/Capture-decran-2025-07-29-220911.png","datePublished":"2025-07-16T02:55:01+00:00","dateModified":"2025-08-02T18:41:18+00:00","breadcrumb":{"@id":"https:\/\/www.generation-action-solidaire.org\/index.php\/pole-reemploi\/#breadcrumb"},"inLanguage":"fr-FR","potentialAction":[{"@type":"ReadAction","target":["https:\/\/www.generation-action-solidaire.org\/index.php\/pole-reemploi\/"]}]},{"@type":"ImageObject","inLanguage":"fr-FR","@id":"https:\/\/www.generation-action-solidaire.org\/index.php\/pole-reemploi\/#primaryimage","url":"http:\/\/localhost\/generationactionsolidaire\/wp-content\/uploads\/2025\/07\/Capture-decran-2025-07-29-220911.png","contentUrl":"http:\/\/localhost\/generationactionsolidaire\/wp-content\/uploads\/2025\/07\/Capture-decran-2025-07-29-220911.png"},{"@type":"BreadcrumbList","@id":"https:\/\/www.generation-action-solidaire.org\/index.php\/pole-reemploi\/#breadcrumb","itemListElement":[{"@type":"ListItem","position":1,"name":"Accueil","item":"https:\/\/www.generation-action-solidaire.org\/"},{"@type":"ListItem","position":2,"name":"P\u00f4le r\u00e9emploi"}]},{"@type":"WebSite","@id":"https:\/\/www.generation-action-solidaire.org\/#website","url":"https:\/\/www.generation-action-solidaire.org\/","name":"G\u00e9n\u00e9ration Action Solidaire","description":"","publisher":{"@id":"https:\/\/www.generation-action-solidaire.org\/#organization"},"potentialAction":[{"@type":"SearchAction","target":{"@type":"EntryPoint","urlTemplate":"https:\/\/www.generation-action-solidaire.org\/?s={search_term_string}"},"query-input":{"@type":"PropertyValueSpecification","valueRequired":true,"valueName":"search_term_string"}}],"inLanguage":"fr-FR"},{"@type":"Organization","@id":"https:\/\/www.generation-action-solidaire.org\/#organization","name":"G\u00e9n\u00e9ration Action Solidaire","url":"https:\/\/www.generation-action-solidaire.org\/","logo":{"@type":"ImageObject","inLanguage":"fr-FR","@id":"https:\/\/www.generation-action-solidaire.org\/#\/schema\/logo\/image\/","url":"https:\/\/www.generation-action-solidaire.org\/wp-content\/uploads\/2025\/07\/logo-gas.jpg","contentUrl":"https:\/\/www.generation-action-solidaire.org\/wp-content\/uploads\/2025\/07\/logo-gas.jpg","width":224,"height":224,"caption":"G\u00e9n\u00e9ration Action Solidaire"},"image":{"@id":"https:\/\/www.generation-action-solidaire.org\/#\/schema\/logo\/image\/"},"sameAs":["https:\/\/www.instagram.com\/generation_action_solidaire\/"]}]}},"_links":{"self":[{"href":"https:\/\/www.generation-action-solidaire.org\/index.php\/wp-json\/wp\/v2\/pages\/238","targetHints":{"allow":["GET"]}}],"collection":[{"href":"https:\/\/www.generation-action-solidaire.org\/index.php\/wp-json\/wp\/v2\/pages"}],"about":[{"href":"https:\/\/www.generation-action-solidaire.org\/index.php\/wp-json\/wp\/v2\/types\/page"}],"author":[{"embeddable":true,"href":"https:\/\/www.generation-action-solidaire.org\/index.php\/wp-json\/wp\/v2\/users\/1"}],"replies":[{"embeddable":true,"href":"https:\/\/www.generation-action-solidaire.org\/index.php\/wp-json\/wp\/v2\/comments?post=238"}],"version-history":[{"count":15,"href":"https:\/\/www.generation-action-solidaire.org\/index.php\/wp-json\/wp\/v2\/pages\/238\/revisions"}],"predecessor-version":[{"id":534,"href":"https:\/\/www.generation-action-solidaire.org\/index.php\/wp-json\/wp\/v2\/pages\/238\/revisions\/534"}],"wp:attachment":[{"href":"https:\/\/www.generation-action-solidaire.org\/index.php\/wp-json\/wp\/v2\/media?parent=238"}],"curies":[{"name":"wp","href":"https:\/\/api.w.org\/{rel}","templated":true}]}}