{"id":236,"date":"2025-07-16T04:54:32","date_gmt":"2025-07-16T02:54:32","guid":{"rendered":"http:\/\/localhost\/generationactionsolidaire\/?page_id=236"},"modified":"2025-08-02T20:43:17","modified_gmt":"2025-08-02T18:43:17","slug":"pole-educatif","status":"publish","type":"page","link":"https:\/\/www.generation-action-solidaire.org\/index.php\/pole-educatif\/","title":{"rendered":"P\u00f4le \u00e9ducatif"},"content":{"rendered":"\n<div class=\"wp-block-group alignfull has-ti-bg-alt-color has-ti-bg-inv-background-color has-text-color has-background is-layout-flow wp-container-core-group-is-layout-faa2fd2d wp-block-group-is-layout-flow\" style=\"margin-top:0px;margin-bottom:0px;padding-top:64px;padding-bottom:64px;background-image:url(&apos;https:\/\/www.generation-action-solidaire.org\/wp-content\/uploads\/2025\/07\/WhatsApp-Image-2025-07-29-at-12.30.48-edited.jpeg&apos;);background-position:38% 100%;background-size:cover;\">\n<div style=\"height:100px\" aria-hidden=\"true\" class=\"wp-block-spacer\"><\/div>\n\n\n\n<div class=\"wp-block-group alignwide is-layout-flow wp-block-group-is-layout-flow\">\n<div class=\"wp-block-group alignwide is-layout-constrained wp-block-group-is-layout-constrained\"><h1 class=\"has-text-align-center has-link-color alignwide wp-elements-c0be185ad608af43c5558572c77c4f80 wp-block-post-title has-text-color has-ti-fg-color\">P\u00f4le \u00e9ducatif<\/h1><\/div>\n<\/div>\n\n\n\n<div style=\"height:100px\" aria-hidden=\"true\" class=\"wp-block-spacer\"><\/div>\n<\/div>\n\n\n\n<p class=\"has-text-align-center\">Le p\u00f4le \u00e9ducatif de notre association a pour mission de <strong>soutenir la r\u00e9ussite scolaire<\/strong> et de <strong>stimuler la curiosit\u00e9 intellectuelle<\/strong> de tous \u00e0 travers des activit\u00e9s enrichissantes, ludiques et adapt\u00e9es \u00e0 leur \u00e2ge.<\/p>\n\n\n\n<h4 class=\"wp-block-heading\">Cours d&rsquo;anglais (samedi &amp; dimanche hors vacances scolaires )<\/h4>\n\n\n\n<p>-Encourager l&rsquo;apprentissage de l&rsquo;anglais d\u00e8s le jeune \u00e2ge pour soutenir la r\u00e9ussite scolaire.<\/p>\n\n\n\n<p>-30 enfants r\u00e9partis en deux groupes de 15.<\/p>\n\n\n\n<p>-Cours donn\u00e9s par des b\u00e9n\u00e9voles anglophones, avec l\u2019aide de volontaires pour l&rsquo;organisation et l&rsquo;accompagnement des enfants.<\/p>\n\n\n\n<div class=\"wp-block-group is-nowrap is-layout-flex wp-container-core-group-is-layout-6c531013 wp-block-group-is-layout-flex\">\n<figure class=\"wp-block-image size-large is-resized\"><img loading=\"lazy\" decoding=\"async\" width=\"1600\" height=\"900\" src=\"http:\/\/localhost\/generationactionsolidaire\/wp-content\/uploads\/2025\/07\/WhatsApp-Image-2025-07-29-at-12.30.48-edited.jpeg\" alt=\"\" class=\"wp-image-408\" style=\"width:443px;height:auto\" srcset=\"https:\/\/www.generation-action-solidaire.org\/wp-content\/uploads\/2025\/07\/WhatsApp-Image-2025-07-29-at-12.30.48-edited.jpeg 1600w, https:\/\/www.generation-action-solidaire.org\/wp-content\/uploads\/2025\/07\/WhatsApp-Image-2025-07-29-at-12.30.48-edited-300x169.jpeg 300w, https:\/\/www.generation-action-solidaire.org\/wp-content\/uploads\/2025\/07\/WhatsApp-Image-2025-07-29-at-12.30.48-edited-1024x576.jpeg 1024w, https:\/\/www.generation-action-solidaire.org\/wp-content\/uploads\/2025\/07\/WhatsApp-Image-2025-07-29-at-12.30.48-edited-768x432.jpeg 768w, https:\/\/www.generation-action-solidaire.org\/wp-content\/uploads\/2025\/07\/WhatsApp-Image-2025-07-29-at-12.30.48-edited-1536x864.jpeg 1536w\" sizes=\"auto, (max-width: 1600px) 100vw, 1600px\" \/><\/figure>\n\n\n\n<figure class=\"wp-block-image size-large is-resized\"><img loading=\"lazy\" decoding=\"async\" width=\"1600\" height=\"900\" src=\"http:\/\/localhost\/generationactionsolidaire\/wp-content\/uploads\/2025\/07\/WhatsApp-Image-2025-07-29-at-12.27.29-edited-2.jpeg\" alt=\"\" class=\"wp-image-412\" style=\"width:446px;height:auto\" srcset=\"https:\/\/www.generation-action-solidaire.org\/wp-content\/uploads\/2025\/07\/WhatsApp-Image-2025-07-29-at-12.27.29-edited-2.jpeg 1600w, https:\/\/www.generation-action-solidaire.org\/wp-content\/uploads\/2025\/07\/WhatsApp-Image-2025-07-29-at-12.27.29-edited-2-300x169.jpeg 300w, https:\/\/www.generation-action-solidaire.org\/wp-content\/uploads\/2025\/07\/WhatsApp-Image-2025-07-29-at-12.27.29-edited-2-1024x576.jpeg 1024w, https:\/\/www.generation-action-solidaire.org\/wp-content\/uploads\/2025\/07\/WhatsApp-Image-2025-07-29-at-12.27.29-edited-2-768x432.jpeg 768w, https:\/\/www.generation-action-solidaire.org\/wp-content\/uploads\/2025\/07\/WhatsApp-Image-2025-07-29-at-12.27.29-edited-2-1536x864.jpeg 1536w\" sizes=\"auto, (max-width: 1600px) 100vw, 1600px\" \/><\/figure>\n<\/div>\n\n\n\n<h4 class=\"wp-block-heading\">Cours d&rsquo;informatique (durant les vacances scolaires)<\/h4>\n\n\n\n<p>-Initiation aux bases de la programmation<\/p>\n\n\n\n<div class=\"wp-block-group is-nowrap is-layout-flex wp-container-core-group-is-layout-6c531013 wp-block-group-is-layout-flex\">\n<figure class=\"wp-block-image size-large is-resized\"><img loading=\"lazy\" decoding=\"async\" width=\"1024\" height=\"711\" src=\"http:\/\/localhost\/generationactionsolidaire\/wp-content\/uploads\/2025\/07\/Capture-decran-2025-07-29-174753-1024x711.png\" alt=\"\" class=\"wp-image-414\" style=\"width:423px;height:auto\" srcset=\"https:\/\/www.generation-action-solidaire.org\/wp-content\/uploads\/2025\/07\/Capture-decran-2025-07-29-174753-1024x711.png 1024w, https:\/\/www.generation-action-solidaire.org\/wp-content\/uploads\/2025\/07\/Capture-decran-2025-07-29-174753-300x208.png 300w, https:\/\/www.generation-action-solidaire.org\/wp-content\/uploads\/2025\/07\/Capture-decran-2025-07-29-174753-768x533.png 768w, https:\/\/www.generation-action-solidaire.org\/wp-content\/uploads\/2025\/07\/Capture-decran-2025-07-29-174753-1536x1066.png 1536w, https:\/\/www.generation-action-solidaire.org\/wp-content\/uploads\/2025\/07\/Capture-decran-2025-07-29-174753.png 1546w\" sizes=\"auto, (max-width: 1024px) 100vw, 1024px\" \/><\/figure>\n\n\n\n<figure class=\"wp-block-image size-large is-resized\"><img loading=\"lazy\" decoding=\"async\" width=\"1024\" height=\"750\" src=\"http:\/\/localhost\/generationactionsolidaire\/wp-content\/uploads\/2025\/07\/Capture-decran-2025-07-29-174743-1024x750.png\" alt=\"\" class=\"wp-image-415\" style=\"width:403px;height:auto\" srcset=\"https:\/\/www.generation-action-solidaire.org\/wp-content\/uploads\/2025\/07\/Capture-decran-2025-07-29-174743-1024x750.png 1024w, https:\/\/www.generation-action-solidaire.org\/wp-content\/uploads\/2025\/07\/Capture-decran-2025-07-29-174743-300x220.png 300w, https:\/\/www.generation-action-solidaire.org\/wp-content\/uploads\/2025\/07\/Capture-decran-2025-07-29-174743-768x562.png 768w, https:\/\/www.generation-action-solidaire.org\/wp-content\/uploads\/2025\/07\/Capture-decran-2025-07-29-174743.png 1382w\" sizes=\"auto, (max-width: 1024px) 100vw, 1024px\" \/><\/figure>\n<\/div>\n\n\n\n<h4 class=\"wp-block-heading\"><strong>Cours d\u2019a\u00e9ronautique (1 atelier \/ mois durant l\u2019ann\u00e9e scolaire)<\/strong><\/h4>\n\n\n\n<p>-Initiation aux bases de l\u2019a\u00e9ronautique pour \u00e9largir les horizons et susciter des vocations.<\/p>\n\n\n\n<div class=\"wp-block-group is-nowrap is-layout-flex wp-container-core-group-is-layout-6c531013 wp-block-group-is-layout-flex\">\n<figure class=\"wp-block-image size-large is-resized\"><img loading=\"lazy\" decoding=\"async\" width=\"1024\" height=\"578\" src=\"http:\/\/localhost\/generationactionsolidaire\/wp-content\/uploads\/2025\/07\/Capture-decran-2025-07-29-135838-1024x578.png\" alt=\"\" class=\"wp-image-373\" style=\"width:500px;height:auto\" srcset=\"https:\/\/www.generation-action-solidaire.org\/wp-content\/uploads\/2025\/07\/Capture-decran-2025-07-29-135838-1024x578.png 1024w, https:\/\/www.generation-action-solidaire.org\/wp-content\/uploads\/2025\/07\/Capture-decran-2025-07-29-135838-300x169.png 300w, https:\/\/www.generation-action-solidaire.org\/wp-content\/uploads\/2025\/07\/Capture-decran-2025-07-29-135838-768x433.png 768w, https:\/\/www.generation-action-solidaire.org\/wp-content\/uploads\/2025\/07\/Capture-decran-2025-07-29-135838-1536x867.png 1536w, https:\/\/www.generation-action-solidaire.org\/wp-content\/uploads\/2025\/07\/Capture-decran-2025-07-29-135838.png 1653w\" sizes=\"auto, (max-width: 1024px) 100vw, 1024px\" \/><\/figure>\n\n\n\n<figure class=\"wp-block-image size-large is-resized\"><img loading=\"lazy\" decoding=\"async\" width=\"1024\" height=\"576\" src=\"http:\/\/localhost\/generationactionsolidaire\/wp-content\/uploads\/2025\/07\/8086af95-ec4a-4721-8434-eb7b438f7bc6-1024x576.jpg\" alt=\"\" class=\"wp-image-377\" style=\"width:501px;height:auto\" srcset=\"https:\/\/www.generation-action-solidaire.org\/wp-content\/uploads\/2025\/07\/8086af95-ec4a-4721-8434-eb7b438f7bc6-1024x576.jpg 1024w, https:\/\/www.generation-action-solidaire.org\/wp-content\/uploads\/2025\/07\/8086af95-ec4a-4721-8434-eb7b438f7bc6-300x169.jpg 300w, https:\/\/www.generation-action-solidaire.org\/wp-content\/uploads\/2025\/07\/8086af95-ec4a-4721-8434-eb7b438f7bc6-768x432.jpg 768w, https:\/\/www.generation-action-solidaire.org\/wp-content\/uploads\/2025\/07\/8086af95-ec4a-4721-8434-eb7b438f7bc6-1536x864.jpg 1536w, https:\/\/www.generation-action-solidaire.org\/wp-content\/uploads\/2025\/07\/8086af95-ec4a-4721-8434-eb7b438f7bc6.jpg 1920w\" sizes=\"auto, (max-width: 1024px) 100vw, 1024px\" \/><\/figure>\n<\/div>\n\n\n\n<h4 class=\"wp-block-heading\">Ateliers de prise de parole (12 ateliers durant l\u2019ann\u00e9e scolaire)<\/h4>\n\n\n\n<p>&#8211; Exercices et activit\u00e9s pour renforcer l\u2019expression orale et la confiance des enfants.<\/p>\n\n\n\n<div class=\"wp-block-group is-nowrap is-layout-flex wp-container-core-group-is-layout-6c531013 wp-block-group-is-layout-flex\">\n<figure class=\"wp-block-image size-full is-resized\"><img loading=\"lazy\" decoding=\"async\" width=\"720\" height=\"1021\" src=\"http:\/\/localhost\/generationactionsolidaire\/wp-content\/uploads\/2025\/07\/WhatsApp-Image-2025-07-29-at-20.33.11.jpeg\" alt=\"\" class=\"wp-image-439\" style=\"width:233px;height:auto\" srcset=\"https:\/\/www.generation-action-solidaire.org\/wp-content\/uploads\/2025\/07\/WhatsApp-Image-2025-07-29-at-20.33.11.jpeg 720w, https:\/\/www.generation-action-solidaire.org\/wp-content\/uploads\/2025\/07\/WhatsApp-Image-2025-07-29-at-20.33.11-212x300.jpeg 212w\" sizes=\"auto, (max-width: 720px) 100vw, 720px\" \/><\/figure>\n\n\n\n<figure class=\"wp-block-image size-large is-resized\"><img loading=\"lazy\" decoding=\"async\" width=\"1024\" height=\"727\" src=\"http:\/\/localhost\/generationactionsolidaire\/wp-content\/uploads\/2025\/07\/WhatsApp-Image-2025-07-29-at-20.37.31-1-1024x727.jpeg\" alt=\"\" class=\"wp-image-440\" style=\"width:465px;height:auto\" srcset=\"https:\/\/www.generation-action-solidaire.org\/wp-content\/uploads\/2025\/07\/WhatsApp-Image-2025-07-29-at-20.37.31-1-1024x727.jpeg 1024w, https:\/\/www.generation-action-solidaire.org\/wp-content\/uploads\/2025\/07\/WhatsApp-Image-2025-07-29-at-20.37.31-1-300x213.jpeg 300w, https:\/\/www.generation-action-solidaire.org\/wp-content\/uploads\/2025\/07\/WhatsApp-Image-2025-07-29-at-20.37.31-1-768x546.jpeg 768w, https:\/\/www.generation-action-solidaire.org\/wp-content\/uploads\/2025\/07\/WhatsApp-Image-2025-07-29-at-20.37.31-1.jpeg 1084w\" sizes=\"auto, (max-width: 1024px) 100vw, 1024px\" \/><\/figure>\n<\/div>\n\n\n\n<h4 class=\"wp-block-heading\">Concours d&rsquo;\u00e9loquence<\/h4>\n\n\n\n<div class=\"wp-block-group is-nowrap is-layout-flex wp-container-core-group-is-layout-6c531013 wp-block-group-is-layout-flex\">\n<figure class=\"wp-block-image size-large is-resized\"><img loading=\"lazy\" decoding=\"async\" width=\"1024\" height=\"682\" src=\"http:\/\/localhost\/generationactionsolidaire\/wp-content\/uploads\/2025\/07\/WhatsApp-Image-2025-07-29-at-20.31.22-1024x682.jpeg\" alt=\"\" class=\"wp-image-437\" style=\"width:504px;height:auto\" srcset=\"https:\/\/www.generation-action-solidaire.org\/wp-content\/uploads\/2025\/07\/WhatsApp-Image-2025-07-29-at-20.31.22-1024x682.jpeg 1024w, https:\/\/www.generation-action-solidaire.org\/wp-content\/uploads\/2025\/07\/WhatsApp-Image-2025-07-29-at-20.31.22-300x200.jpeg 300w, https:\/\/www.generation-action-solidaire.org\/wp-content\/uploads\/2025\/07\/WhatsApp-Image-2025-07-29-at-20.31.22-768x512.jpeg 768w, https:\/\/www.generation-action-solidaire.org\/wp-content\/uploads\/2025\/07\/WhatsApp-Image-2025-07-29-at-20.31.22-1536x1023.jpeg 1536w, https:\/\/www.generation-action-solidaire.org\/wp-content\/uploads\/2025\/07\/WhatsApp-Image-2025-07-29-at-20.31.22.jpeg 1600w\" sizes=\"auto, (max-width: 1024px) 100vw, 1024px\" \/><\/figure>\n\n\n\n<figure class=\"wp-block-image size-large is-resized\"><img loading=\"lazy\" decoding=\"async\" width=\"1024\" height=\"682\" src=\"http:\/\/localhost\/generationactionsolidaire\/wp-content\/uploads\/2025\/07\/WhatsApp-Image-2025-07-29-at-20.21.33-1024x682.jpeg\" alt=\"\" class=\"wp-image-438\" style=\"width:486px;height:auto\" srcset=\"https:\/\/www.generation-action-solidaire.org\/wp-content\/uploads\/2025\/07\/WhatsApp-Image-2025-07-29-at-20.21.33-1024x682.jpeg 1024w, https:\/\/www.generation-action-solidaire.org\/wp-content\/uploads\/2025\/07\/WhatsApp-Image-2025-07-29-at-20.21.33-300x200.jpeg 300w, https:\/\/www.generation-action-solidaire.org\/wp-content\/uploads\/2025\/07\/WhatsApp-Image-2025-07-29-at-20.21.33-768x512.jpeg 768w, https:\/\/www.generation-action-solidaire.org\/wp-content\/uploads\/2025\/07\/WhatsApp-Image-2025-07-29-at-20.21.33-1536x1023.jpeg 1536w, https:\/\/www.generation-action-solidaire.org\/wp-content\/uploads\/2025\/07\/WhatsApp-Image-2025-07-29-at-20.21.33.jpeg 1600w\" sizes=\"auto, (max-width: 1024px) 100vw, 1024px\" \/><\/figure>\n<\/div>\n\n\n\n<div class=\"wp-block-columns is-layout-flex wp-container-core-columns-is-layout-28f84493 wp-block-columns-is-layout-flex\">\n<div class=\"wp-block-column is-layout-flow wp-block-column-is-layout-flow\"><\/div>\n\n\n\n<div class=\"wp-block-column is-layout-flow wp-block-column-is-layout-flow\"><\/div>\n<\/div>\n","protected":false},"excerpt":{"rendered":"<p>Le p\u00f4le \u00e9ducatif de notre association a pour mission de soutenir la r\u00e9ussite scolaire et de stimuler la curiosit\u00e9 intellectuelle de tous \u00e0 travers des activit\u00e9s enrichissantes, ludiques et adapt\u00e9es \u00e0 leur \u00e2ge. Cours d&rsquo;anglais (samedi &amp; dimanche hors vacances scolaires ) -Encourager l&rsquo;apprentissage de l&rsquo;anglais d\u00e8s le jeune \u00e2ge pour soutenir la r\u00e9ussite scolaire. [&hellip;]<\/p>\n","protected":false},"author":1,"featured_media":0,"parent":0,"menu_order":0,"comment_status":"closed","ping_status":"closed","template":"","meta":{"footnotes":""},"class_list":["post-236","page","type-page","status-publish","hentry"],"yoast_head":"<!-- This site is optimized with the Yoast SEO plugin v25.6 - https:\/\/yoast.com\/wordpress\/plugins\/seo\/ -->\n<title>P\u00f4le \u00e9ducatif - G\u00e9n\u00e9ration Action Solidaire<\/title>\n<meta name=\"robots\" content=\"index, follow, max-snippet:-1, max-image-preview:large, max-video-preview:-1\" \/>\n<link rel=\"canonical\" href=\"https:\/\/www.generation-action-solidaire.org\/index.php\/pole-educatif\/\" \/>\n<meta property=\"og:locale\" content=\"fr_FR\" \/>\n<meta property=\"og:type\" content=\"article\" \/>\n<meta property=\"og:title\" content=\"P\u00f4le \u00e9ducatif - G\u00e9n\u00e9ration Action Solidaire\" \/>\n<meta property=\"og:description\" content=\"Le p\u00f4le \u00e9ducatif de notre association a pour mission de soutenir la r\u00e9ussite scolaire et de stimuler la curiosit\u00e9 intellectuelle de tous \u00e0 travers des activit\u00e9s enrichissantes, ludiques et adapt\u00e9es \u00e0 leur \u00e2ge. Cours d&rsquo;anglais (samedi &amp; dimanche hors vacances scolaires ) -Encourager l&rsquo;apprentissage de l&rsquo;anglais d\u00e8s le jeune \u00e2ge pour soutenir la r\u00e9ussite scolaire. [&hellip;]\" \/>\n<meta property=\"og:url\" content=\"https:\/\/www.generation-action-solidaire.org\/index.php\/pole-educatif\/\" \/>\n<meta property=\"og:site_name\" content=\"G\u00e9n\u00e9ration Action Solidaire\" \/>\n<meta property=\"article:modified_time\" content=\"2025-08-02T18:43:17+00:00\" \/>\n<meta property=\"og:image\" content=\"https:\/\/www.generation-action-solidaire.org\/wp-content\/uploads\/2025\/07\/WhatsApp-Image-2025-07-29-at-12.30.48-edited.jpeg\" \/>\n\t<meta property=\"og:image:width\" content=\"1600\" \/>\n\t<meta property=\"og:image:height\" content=\"900\" \/>\n\t<meta property=\"og:image:type\" content=\"image\/jpeg\" \/>\n<meta name=\"twitter:card\" content=\"summary_large_image\" \/>\n<meta name=\"twitter:label1\" content=\"Dur\u00e9e de lecture estim\u00e9e\" \/>\n\t<meta name=\"twitter:data1\" content=\"3 minutes\" \/>\n<script type=\"application\/ld+json\" class=\"yoast-schema-graph\">{\"@context\":\"https:\/\/schema.org\",\"@graph\":[{\"@type\":\"WebPage\",\"@id\":\"https:\/\/www.generation-action-solidaire.org\/index.php\/pole-educatif\/\",\"url\":\"https:\/\/www.generation-action-solidaire.org\/index.php\/pole-educatif\/\",\"name\":\"P\u00f4le \u00e9ducatif - G\u00e9n\u00e9ration Action Solidaire\",\"isPartOf\":{\"@id\":\"https:\/\/www.generation-action-solidaire.org\/#website\"},\"primaryImageOfPage\":{\"@id\":\"https:\/\/www.generation-action-solidaire.org\/index.php\/pole-educatif\/#primaryimage\"},\"image\":{\"@id\":\"https:\/\/www.generation-action-solidaire.org\/index.php\/pole-educatif\/#primaryimage\"},\"thumbnailUrl\":\"http:\/\/localhost\/generationactionsolidaire\/wp-content\/uploads\/2025\/07\/WhatsApp-Image-2025-07-29-at-12.30.48-edited.jpeg\",\"datePublished\":\"2025-07-16T02:54:32+00:00\",\"dateModified\":\"2025-08-02T18:43:17+00:00\",\"breadcrumb\":{\"@id\":\"https:\/\/www.generation-action-solidaire.org\/index.php\/pole-educatif\/#breadcrumb\"},\"inLanguage\":\"fr-FR\",\"potentialAction\":[{\"@type\":\"ReadAction\",\"target\":[\"https:\/\/www.generation-action-solidaire.org\/index.php\/pole-educatif\/\"]}]},{\"@type\":\"ImageObject\",\"inLanguage\":\"fr-FR\",\"@id\":\"https:\/\/www.generation-action-solidaire.org\/index.php\/pole-educatif\/#primaryimage\",\"url\":\"http:\/\/localhost\/generationactionsolidaire\/wp-content\/uploads\/2025\/07\/WhatsApp-Image-2025-07-29-at-12.30.48-edited.jpeg\",\"contentUrl\":\"http:\/\/localhost\/generationactionsolidaire\/wp-content\/uploads\/2025\/07\/WhatsApp-Image-2025-07-29-at-12.30.48-edited.jpeg\"},{\"@type\":\"BreadcrumbList\",\"@id\":\"https:\/\/www.generation-action-solidaire.org\/index.php\/pole-educatif\/#breadcrumb\",\"itemListElement\":[{\"@type\":\"ListItem\",\"position\":1,\"name\":\"Accueil\",\"item\":\"https:\/\/www.generation-action-solidaire.org\/\"},{\"@type\":\"ListItem\",\"position\":2,\"name\":\"P\u00f4le \u00e9ducatif\"}]},{\"@type\":\"WebSite\",\"@id\":\"https:\/\/www.generation-action-solidaire.org\/#website\",\"url\":\"https:\/\/www.generation-action-solidaire.org\/\",\"name\":\"G\u00e9n\u00e9ration Action Solidaire\",\"description\":\"\",\"publisher\":{\"@id\":\"https:\/\/www.generation-action-solidaire.org\/#organization\"},\"potentialAction\":[{\"@type\":\"SearchAction\",\"target\":{\"@type\":\"EntryPoint\",\"urlTemplate\":\"https:\/\/www.generation-action-solidaire.org\/?s={search_term_string}\"},\"query-input\":{\"@type\":\"PropertyValueSpecification\",\"valueRequired\":true,\"valueName\":\"search_term_string\"}}],\"inLanguage\":\"fr-FR\"},{\"@type\":\"Organization\",\"@id\":\"https:\/\/www.generation-action-solidaire.org\/#organization\",\"name\":\"G\u00e9n\u00e9ration Action Solidaire\",\"url\":\"https:\/\/www.generation-action-solidaire.org\/\",\"logo\":{\"@type\":\"ImageObject\",\"inLanguage\":\"fr-FR\",\"@id\":\"https:\/\/www.generation-action-solidaire.org\/#\/schema\/logo\/image\/\",\"url\":\"https:\/\/www.generation-action-solidaire.org\/wp-content\/uploads\/2025\/07\/logo-gas.jpg\",\"contentUrl\":\"https:\/\/www.generation-action-solidaire.org\/wp-content\/uploads\/2025\/07\/logo-gas.jpg\",\"width\":224,\"height\":224,\"caption\":\"G\u00e9n\u00e9ration Action Solidaire\"},\"image\":{\"@id\":\"https:\/\/www.generation-action-solidaire.org\/#\/schema\/logo\/image\/\"},\"sameAs\":[\"https:\/\/www.instagram.com\/generation_action_solidaire\/\"]}]}<\/script>\n<!-- \/ Yoast SEO plugin. -->","yoast_head_json":{"title":"P\u00f4le \u00e9ducatif - G\u00e9n\u00e9ration Action Solidaire","robots":{"index":"index","follow":"follow","max-snippet":"max-snippet:-1","max-image-preview":"max-image-preview:large","max-video-preview":"max-video-preview:-1"},"canonical":"https:\/\/www.generation-action-solidaire.org\/index.php\/pole-educatif\/","og_locale":"fr_FR","og_type":"article","og_title":"P\u00f4le \u00e9ducatif - G\u00e9n\u00e9ration Action Solidaire","og_description":"Le p\u00f4le \u00e9ducatif de notre association a pour mission de soutenir la r\u00e9ussite scolaire et de stimuler la curiosit\u00e9 intellectuelle de tous \u00e0 travers des activit\u00e9s enrichissantes, ludiques et adapt\u00e9es \u00e0 leur \u00e2ge. Cours d&rsquo;anglais (samedi &amp; dimanche hors vacances scolaires ) -Encourager l&rsquo;apprentissage de l&rsquo;anglais d\u00e8s le jeune \u00e2ge pour soutenir la r\u00e9ussite scolaire. [&hellip;]","og_url":"https:\/\/www.generation-action-solidaire.org\/index.php\/pole-educatif\/","og_site_name":"G\u00e9n\u00e9ration Action Solidaire","article_modified_time":"2025-08-02T18:43:17+00:00","og_image":[{"width":1600,"height":900,"url":"https:\/\/www.generation-action-solidaire.org\/wp-content\/uploads\/2025\/07\/WhatsApp-Image-2025-07-29-at-12.30.48-edited.jpeg","type":"image\/jpeg"}],"twitter_card":"summary_large_image","twitter_misc":{"Dur\u00e9e de lecture estim\u00e9e":"3 minutes"},"schema":{"@context":"https:\/\/schema.org","@graph":[{"@type":"WebPage","@id":"https:\/\/www.generation-action-solidaire.org\/index.php\/pole-educatif\/","url":"https:\/\/www.generation-action-solidaire.org\/index.php\/pole-educatif\/","name":"P\u00f4le \u00e9ducatif - G\u00e9n\u00e9ration Action Solidaire","isPartOf":{"@id":"https:\/\/www.generation-action-solidaire.org\/#website"},"primaryImageOfPage":{"@id":"https:\/\/www.generation-action-solidaire.org\/index.php\/pole-educatif\/#primaryimage"},"image":{"@id":"https:\/\/www.generation-action-solidaire.org\/index.php\/pole-educatif\/#primaryimage"},"thumbnailUrl":"http:\/\/localhost\/generationactionsolidaire\/wp-content\/uploads\/2025\/07\/WhatsApp-Image-2025-07-29-at-12.30.48-edited.jpeg","datePublished":"2025-07-16T02:54:32+00:00","dateModified":"2025-08-02T18:43:17+00:00","breadcrumb":{"@id":"https:\/\/www.generation-action-solidaire.org\/index.php\/pole-educatif\/#breadcrumb"},"inLanguage":"fr-FR","potentialAction":[{"@type":"ReadAction","target":["https:\/\/www.generation-action-solidaire.org\/index.php\/pole-educatif\/"]}]},{"@type":"ImageObject","inLanguage":"fr-FR","@id":"https:\/\/www.generation-action-solidaire.org\/index.php\/pole-educatif\/#primaryimage","url":"http:\/\/localhost\/generationactionsolidaire\/wp-content\/uploads\/2025\/07\/WhatsApp-Image-2025-07-29-at-12.30.48-edited.jpeg","contentUrl":"http:\/\/localhost\/generationactionsolidaire\/wp-content\/uploads\/2025\/07\/WhatsApp-Image-2025-07-29-at-12.30.48-edited.jpeg"},{"@type":"BreadcrumbList","@id":"https:\/\/www.generation-action-solidaire.org\/index.php\/pole-educatif\/#breadcrumb","itemListElement":[{"@type":"ListItem","position":1,"name":"Accueil","item":"https:\/\/www.generation-action-solidaire.org\/"},{"@type":"ListItem","position":2,"name":"P\u00f4le \u00e9ducatif"}]},{"@type":"WebSite","@id":"https:\/\/www.generation-action-solidaire.org\/#website","url":"https:\/\/www.generation-action-solidaire.org\/","name":"G\u00e9n\u00e9ration Action Solidaire","description":"","publisher":{"@id":"https:\/\/www.generation-action-solidaire.org\/#organization"},"potentialAction":[{"@type":"SearchAction","target":{"@type":"EntryPoint","urlTemplate":"https:\/\/www.generation-action-solidaire.org\/?s={search_term_string}"},"query-input":{"@type":"PropertyValueSpecification","valueRequired":true,"valueName":"search_term_string"}}],"inLanguage":"fr-FR"},{"@type":"Organization","@id":"https:\/\/www.generation-action-solidaire.org\/#organization","name":"G\u00e9n\u00e9ration Action Solidaire","url":"https:\/\/www.generation-action-solidaire.org\/","logo":{"@type":"ImageObject","inLanguage":"fr-FR","@id":"https:\/\/www.generation-action-solidaire.org\/#\/schema\/logo\/image\/","url":"https:\/\/www.generation-action-solidaire.org\/wp-content\/uploads\/2025\/07\/logo-gas.jpg","contentUrl":"https:\/\/www.generation-action-solidaire.org\/wp-content\/uploads\/2025\/07\/logo-gas.jpg","width":224,"height":224,"caption":"G\u00e9n\u00e9ration Action Solidaire"},"image":{"@id":"https:\/\/www.generation-action-solidaire.org\/#\/schema\/logo\/image\/"},"sameAs":["https:\/\/www.instagram.com\/generation_action_solidaire\/"]}]}},"_links":{"self":[{"href":"https:\/\/www.generation-action-solidaire.org\/index.php\/wp-json\/wp\/v2\/pages\/236","targetHints":{"allow":["GET"]}}],"collection":[{"href":"https:\/\/www.generation-action-solidaire.org\/index.php\/wp-json\/wp\/v2\/pages"}],"about":[{"href":"https:\/\/www.generation-action-solidaire.org\/index.php\/wp-json\/wp\/v2\/types\/page"}],"author":[{"embeddable":true,"href":"https:\/\/www.generation-action-solidaire.org\/index.php\/wp-json\/wp\/v2\/users\/1"}],"replies":[{"embeddable":true,"href":"https:\/\/www.generation-action-solidaire.org\/index.php\/wp-json\/wp\/v2\/comments?post=236"}],"version-history":[{"count":9,"href":"https:\/\/www.generation-action-solidaire.org\/index.php\/wp-json\/wp\/v2\/pages\/236\/revisions"}],"predecessor-version":[{"id":536,"href":"https:\/\/www.generation-action-solidaire.org\/index.php\/wp-json\/wp\/v2\/pages\/236\/revisions\/536"}],"wp:attachment":[{"href":"https:\/\/www.generation-action-solidaire.org\/index.php\/wp-json\/wp\/v2\/media?parent=236"}],"curies":[{"name":"wp","href":"https:\/\/api.w.org\/{rel}","templated":true}]}}