{"id":228,"date":"2025-07-16T04:51:29","date_gmt":"2025-07-16T02:51:29","guid":{"rendered":"http:\/\/localhost\/generationactionsolidaire\/?page_id=228"},"modified":"2025-08-02T20:49:34","modified_gmt":"2025-08-02T18:49:34","slug":"activites-sportives","status":"publish","type":"page","link":"https:\/\/www.generation-action-solidaire.org\/index.php\/activites-sportives\/","title":{"rendered":"Activit\u00e9s sportives"},"content":{"rendered":"\n<div class=\"wp-block-columns is-layout-flex wp-container-core-columns-is-layout-28f84493 wp-block-columns-is-layout-flex\">\n<div class=\"wp-block-column is-layout-flow wp-block-column-is-layout-flow\">\n<div class=\"wp-block-group alignfull has-ti-bg-alt-color has-ti-bg-inv-background-color has-text-color has-background is-layout-constrained wp-container-core-group-is-layout-f4a48e69 wp-block-group-is-layout-constrained\" style=\"margin-top:0px;margin-bottom:0px;padding-top:64px;padding-bottom:64px;background-image:url(&apos;https:\/\/www.generation-action-solidaire.org\/wp-content\/uploads\/2025\/07\/pexels-jimbear-2310482-scaled.jpg&apos;);background-position:46% 75%;background-size:cover;\">\n<div style=\"height:100px\" aria-hidden=\"true\" class=\"wp-block-spacer\"><\/div>\n\n\n\n<div class=\"wp-block-group alignwide is-layout-flow wp-block-group-is-layout-flow\">\n<div class=\"wp-block-group alignwide is-layout-constrained wp-block-group-is-layout-constrained\"><h1 class=\"has-text-align-center has-link-color alignwide wp-elements-1659c55acbbddafa0a8ef96f81e64794 wp-block-post-title has-text-color has-white-color\">Activit\u00e9s sportives<\/h1><\/div>\n<\/div>\n\n\n\n<div style=\"height:100px\" aria-hidden=\"true\" class=\"wp-block-spacer\"><\/div>\n<\/div>\n\n\n\n<h3 class=\"wp-block-heading\">Activit\u00e9s sportives<\/h3>\n\n\n\n<p>Nous  organisons des activit\u00e9s sportives encadr\u00e9es, sp\u00e9cialement con\u00e7ues pour les enfants, afin de leur permettre de se d\u00e9penser, de s\u2019amuser et de d\u00e9velopper leurs comp\u00e9tences physiques dans un cadre s\u00e9curis\u00e9 et adapt\u00e9 \u00e0 leur \u00e2ge.<\/p>\n\n\n\n<h3 class=\"wp-block-heading\">Horaires et lieu :<\/h3>\n\n\n\n<p class=\"has-vivid-red-color has-text-color has-link-color wp-elements-a4b2a87a1ed890610a39faff26202b13\"><strong><em>Les activit\u00e9s sportives seront de retour en octobre 2025<\/em><\/strong>. <strong><em>Nous reviendrons vers vous ult\u00e9rieurement pour vous communiquer toutes les informations n\u00e9cessaires<\/em><\/strong>.<\/p>\n\n\n\n<div class=\"wp-block-group has-white-color has-ti-accent-background-color has-text-color has-background has-link-color wp-elements-f149f1a4877a9c40785b2cc987a959f9 is-layout-flow wp-block-group-is-layout-flow\">\n<h3 class=\"wp-block-heading has-text-align-center\">Modalit\u00e9s d&rsquo;inscription<\/h3>\n<\/div>\n\n\n\n<p>Pour vous inscrire ou vous r\u00e9inscrire, veuillez remplir le formulaire ci ci-dessous :<\/p>\n\n\n\n<p class=\"has-text-align-center has-vivid-red-color has-text-color has-link-color wp-elements-df9c8f35be3046d8a5f51aca295a58f8\"><strong><em> formulaire \u00e0 venir <\/em><\/strong><\/p>\n<\/div>\n<\/div>\n","protected":false},"excerpt":{"rendered":"<p>Activit\u00e9s sportives Nous organisons des activit\u00e9s sportives encadr\u00e9es, sp\u00e9cialement con\u00e7ues pour les enfants, afin de leur permettre de se d\u00e9penser, de s\u2019amuser et de d\u00e9velopper leurs comp\u00e9tences physiques dans un cadre s\u00e9curis\u00e9 et adapt\u00e9 \u00e0 leur \u00e2ge. Horaires et lieu : Les activit\u00e9s sportives seront de retour en octobre 2025. Nous reviendrons vers vous ult\u00e9rieurement [&hellip;]<\/p>\n","protected":false},"author":1,"featured_media":0,"parent":0,"menu_order":0,"comment_status":"closed","ping_status":"closed","template":"","meta":{"footnotes":""},"class_list":["post-228","page","type-page","status-publish","hentry"],"yoast_head":"<!-- This site is optimized with the Yoast SEO plugin v25.6 - https:\/\/yoast.com\/wordpress\/plugins\/seo\/ -->\n<title>Activit\u00e9s sportives - G\u00e9n\u00e9ration Action Solidaire<\/title>\n<meta name=\"robots\" content=\"index, follow, max-snippet:-1, max-image-preview:large, max-video-preview:-1\" \/>\n<link rel=\"canonical\" href=\"https:\/\/www.generation-action-solidaire.org\/index.php\/activites-sportives\/\" \/>\n<meta property=\"og:locale\" content=\"fr_FR\" \/>\n<meta property=\"og:type\" content=\"article\" \/>\n<meta property=\"og:title\" content=\"Activit\u00e9s sportives - G\u00e9n\u00e9ration Action Solidaire\" \/>\n<meta property=\"og:description\" content=\"Activit\u00e9s sportives Nous organisons des activit\u00e9s sportives encadr\u00e9es, sp\u00e9cialement con\u00e7ues pour les enfants, afin de leur permettre de se d\u00e9penser, de s\u2019amuser et de d\u00e9velopper leurs comp\u00e9tences physiques dans un cadre s\u00e9curis\u00e9 et adapt\u00e9 \u00e0 leur \u00e2ge. Horaires et lieu : Les activit\u00e9s sportives seront de retour en octobre 2025. Nous reviendrons vers vous ult\u00e9rieurement [&hellip;]\" \/>\n<meta property=\"og:url\" content=\"https:\/\/www.generation-action-solidaire.org\/index.php\/activites-sportives\/\" \/>\n<meta property=\"og:site_name\" content=\"G\u00e9n\u00e9ration Action Solidaire\" \/>\n<meta property=\"article:modified_time\" content=\"2025-08-02T18:49:34+00:00\" \/>\n<meta name=\"twitter:card\" content=\"summary_large_image\" \/>\n<meta name=\"twitter:label1\" content=\"Dur\u00e9e de lecture estim\u00e9e\" \/>\n\t<meta name=\"twitter:data1\" content=\"1 minute\" \/>\n<script type=\"application\/ld+json\" class=\"yoast-schema-graph\">{\"@context\":\"https:\/\/schema.org\",\"@graph\":[{\"@type\":\"WebPage\",\"@id\":\"https:\/\/www.generation-action-solidaire.org\/index.php\/activites-sportives\/\",\"url\":\"https:\/\/www.generation-action-solidaire.org\/index.php\/activites-sportives\/\",\"name\":\"Activit\u00e9s sportives - G\u00e9n\u00e9ration Action Solidaire\",\"isPartOf\":{\"@id\":\"https:\/\/www.generation-action-solidaire.org\/#website\"},\"datePublished\":\"2025-07-16T02:51:29+00:00\",\"dateModified\":\"2025-08-02T18:49:34+00:00\",\"breadcrumb\":{\"@id\":\"https:\/\/www.generation-action-solidaire.org\/index.php\/activites-sportives\/#breadcrumb\"},\"inLanguage\":\"fr-FR\",\"potentialAction\":[{\"@type\":\"ReadAction\",\"target\":[\"https:\/\/www.generation-action-solidaire.org\/index.php\/activites-sportives\/\"]}]},{\"@type\":\"BreadcrumbList\",\"@id\":\"https:\/\/www.generation-action-solidaire.org\/index.php\/activites-sportives\/#breadcrumb\",\"itemListElement\":[{\"@type\":\"ListItem\",\"position\":1,\"name\":\"Accueil\",\"item\":\"https:\/\/www.generation-action-solidaire.org\/\"},{\"@type\":\"ListItem\",\"position\":2,\"name\":\"Activit\u00e9s sportives\"}]},{\"@type\":\"WebSite\",\"@id\":\"https:\/\/www.generation-action-solidaire.org\/#website\",\"url\":\"https:\/\/www.generation-action-solidaire.org\/\",\"name\":\"G\u00e9n\u00e9ration Action Solidaire\",\"description\":\"\",\"publisher\":{\"@id\":\"https:\/\/www.generation-action-solidaire.org\/#organization\"},\"potentialAction\":[{\"@type\":\"SearchAction\",\"target\":{\"@type\":\"EntryPoint\",\"urlTemplate\":\"https:\/\/www.generation-action-solidaire.org\/?s={search_term_string}\"},\"query-input\":{\"@type\":\"PropertyValueSpecification\",\"valueRequired\":true,\"valueName\":\"search_term_string\"}}],\"inLanguage\":\"fr-FR\"},{\"@type\":\"Organization\",\"@id\":\"https:\/\/www.generation-action-solidaire.org\/#organization\",\"name\":\"G\u00e9n\u00e9ration Action Solidaire\",\"url\":\"https:\/\/www.generation-action-solidaire.org\/\",\"logo\":{\"@type\":\"ImageObject\",\"inLanguage\":\"fr-FR\",\"@id\":\"https:\/\/www.generation-action-solidaire.org\/#\/schema\/logo\/image\/\",\"url\":\"https:\/\/www.generation-action-solidaire.org\/wp-content\/uploads\/2025\/07\/logo-gas.jpg\",\"contentUrl\":\"https:\/\/www.generation-action-solidaire.org\/wp-content\/uploads\/2025\/07\/logo-gas.jpg\",\"width\":224,\"height\":224,\"caption\":\"G\u00e9n\u00e9ration Action Solidaire\"},\"image\":{\"@id\":\"https:\/\/www.generation-action-solidaire.org\/#\/schema\/logo\/image\/\"},\"sameAs\":[\"https:\/\/www.instagram.com\/generation_action_solidaire\/\"]}]}<\/script>\n<!-- \/ Yoast SEO plugin. -->","yoast_head_json":{"title":"Activit\u00e9s sportives - G\u00e9n\u00e9ration Action Solidaire","robots":{"index":"index","follow":"follow","max-snippet":"max-snippet:-1","max-image-preview":"max-image-preview:large","max-video-preview":"max-video-preview:-1"},"canonical":"https:\/\/www.generation-action-solidaire.org\/index.php\/activites-sportives\/","og_locale":"fr_FR","og_type":"article","og_title":"Activit\u00e9s sportives - G\u00e9n\u00e9ration Action Solidaire","og_description":"Activit\u00e9s sportives Nous organisons des activit\u00e9s sportives encadr\u00e9es, sp\u00e9cialement con\u00e7ues pour les enfants, afin de leur permettre de se d\u00e9penser, de s\u2019amuser et de d\u00e9velopper leurs comp\u00e9tences physiques dans un cadre s\u00e9curis\u00e9 et adapt\u00e9 \u00e0 leur \u00e2ge. Horaires et lieu : Les activit\u00e9s sportives seront de retour en octobre 2025. Nous reviendrons vers vous ult\u00e9rieurement [&hellip;]","og_url":"https:\/\/www.generation-action-solidaire.org\/index.php\/activites-sportives\/","og_site_name":"G\u00e9n\u00e9ration Action Solidaire","article_modified_time":"2025-08-02T18:49:34+00:00","twitter_card":"summary_large_image","twitter_misc":{"Dur\u00e9e de lecture estim\u00e9e":"1 minute"},"schema":{"@context":"https:\/\/schema.org","@graph":[{"@type":"WebPage","@id":"https:\/\/www.generation-action-solidaire.org\/index.php\/activites-sportives\/","url":"https:\/\/www.generation-action-solidaire.org\/index.php\/activites-sportives\/","name":"Activit\u00e9s sportives - G\u00e9n\u00e9ration Action Solidaire","isPartOf":{"@id":"https:\/\/www.generation-action-solidaire.org\/#website"},"datePublished":"2025-07-16T02:51:29+00:00","dateModified":"2025-08-02T18:49:34+00:00","breadcrumb":{"@id":"https:\/\/www.generation-action-solidaire.org\/index.php\/activites-sportives\/#breadcrumb"},"inLanguage":"fr-FR","potentialAction":[{"@type":"ReadAction","target":["https:\/\/www.generation-action-solidaire.org\/index.php\/activites-sportives\/"]}]},{"@type":"BreadcrumbList","@id":"https:\/\/www.generation-action-solidaire.org\/index.php\/activites-sportives\/#breadcrumb","itemListElement":[{"@type":"ListItem","position":1,"name":"Accueil","item":"https:\/\/www.generation-action-solidaire.org\/"},{"@type":"ListItem","position":2,"name":"Activit\u00e9s sportives"}]},{"@type":"WebSite","@id":"https:\/\/www.generation-action-solidaire.org\/#website","url":"https:\/\/www.generation-action-solidaire.org\/","name":"G\u00e9n\u00e9ration Action Solidaire","description":"","publisher":{"@id":"https:\/\/www.generation-action-solidaire.org\/#organization"},"potentialAction":[{"@type":"SearchAction","target":{"@type":"EntryPoint","urlTemplate":"https:\/\/www.generation-action-solidaire.org\/?s={search_term_string}"},"query-input":{"@type":"PropertyValueSpecification","valueRequired":true,"valueName":"search_term_string"}}],"inLanguage":"fr-FR"},{"@type":"Organization","@id":"https:\/\/www.generation-action-solidaire.org\/#organization","name":"G\u00e9n\u00e9ration Action Solidaire","url":"https:\/\/www.generation-action-solidaire.org\/","logo":{"@type":"ImageObject","inLanguage":"fr-FR","@id":"https:\/\/www.generation-action-solidaire.org\/#\/schema\/logo\/image\/","url":"https:\/\/www.generation-action-solidaire.org\/wp-content\/uploads\/2025\/07\/logo-gas.jpg","contentUrl":"https:\/\/www.generation-action-solidaire.org\/wp-content\/uploads\/2025\/07\/logo-gas.jpg","width":224,"height":224,"caption":"G\u00e9n\u00e9ration Action Solidaire"},"image":{"@id":"https:\/\/www.generation-action-solidaire.org\/#\/schema\/logo\/image\/"},"sameAs":["https:\/\/www.instagram.com\/generation_action_solidaire\/"]}]}},"_links":{"self":[{"href":"https:\/\/www.generation-action-solidaire.org\/index.php\/wp-json\/wp\/v2\/pages\/228","targetHints":{"allow":["GET"]}}],"collection":[{"href":"https:\/\/www.generation-action-solidaire.org\/index.php\/wp-json\/wp\/v2\/pages"}],"about":[{"href":"https:\/\/www.generation-action-solidaire.org\/index.php\/wp-json\/wp\/v2\/types\/page"}],"author":[{"embeddable":true,"href":"https:\/\/www.generation-action-solidaire.org\/index.php\/wp-json\/wp\/v2\/users\/1"}],"replies":[{"embeddable":true,"href":"https:\/\/www.generation-action-solidaire.org\/index.php\/wp-json\/wp\/v2\/comments?post=228"}],"version-history":[{"count":3,"href":"https:\/\/www.generation-action-solidaire.org\/index.php\/wp-json\/wp\/v2\/pages\/228\/revisions"}],"predecessor-version":[{"id":542,"href":"https:\/\/www.generation-action-solidaire.org\/index.php\/wp-json\/wp\/v2\/pages\/228\/revisions\/542"}],"wp:attachment":[{"href":"https:\/\/www.generation-action-solidaire.org\/index.php\/wp-json\/wp\/v2\/media?parent=228"}],"curies":[{"name":"wp","href":"https:\/\/api.w.org\/{rel}","templated":true}]}}