{"id":215,"date":"2025-07-16T04:37:16","date_gmt":"2025-07-16T02:37:16","guid":{"rendered":"http:\/\/localhost\/generationactionsolidaire\/?page_id=215"},"modified":"2025-11-03T23:53:57","modified_gmt":"2025-11-03T22:53:57","slug":"cours-dalphabetisation","status":"publish","type":"page","link":"https:\/\/www.generation-action-solidaire.org\/index.php\/cours-dalphabetisation\/","title":{"rendered":"Cours d&rsquo;alphab\u00e9tisation"},"content":{"rendered":"\n<div class=\"wp-block-group alignfull has-ti-bg-alt-color has-ti-bg-inv-background-color has-text-color has-background is-layout-constrained wp-container-core-group-is-layout-f4a48e69 wp-block-group-is-layout-constrained\" style=\"margin-top:0px;margin-bottom:0px;padding-top:64px;padding-bottom:64px;background-image:url(&apos;https:\/\/www.generation-action-solidaire.org\/wp-content\/uploads\/2025\/11\/ressource-alphabetisation-classe-fle-lecafedufle.jpg&apos;);background-position:54% 82%;background-size:cover;\">\n<div style=\"height:100px\" aria-hidden=\"true\" class=\"wp-block-spacer\"><\/div>\n\n\n\n<div class=\"wp-block-group alignwide is-layout-flow wp-block-group-is-layout-flow\">\n<div class=\"wp-block-group alignwide is-layout-constrained wp-block-group-is-layout-constrained\"><h1 class=\"has-text-align-center has-link-color alignwide wp-elements-c0be185ad608af43c5558572c77c4f80 wp-block-post-title has-text-color has-ti-fg-color\">Cours d&rsquo;alphab\u00e9tisation<\/h1><\/div>\n<\/div>\n\n\n\n<div style=\"height:100px\" aria-hidden=\"true\" class=\"wp-block-spacer\"><\/div>\n<\/div>\n\n\n\n<h3 class=\"wp-block-heading\">Horaire :<\/h3>\n\n\n\n<p class=\"has-black-color has-text-color has-link-color wp-elements-5291c13ef46d54ed382c8bd0e2e3ecf0\">Les cours d&rsquo;alphab\u00e9tisation pour les adultes sont de retour <strong>chaque dimanche de 14h \u00e0 15h15<\/strong>.<\/p>\n\n\n\n<figure class=\"wp-block-image size-large\"><img loading=\"lazy\" decoding=\"async\" width=\"694\" height=\"1024\" src=\"https:\/\/www.generation-action-solidaire.org\/wp-content\/uploads\/2025\/11\/WhatsApp-Image-2025-11-03-at-16.45.18-694x1024.jpeg\" alt=\"\" class=\"wp-image-625\" srcset=\"https:\/\/www.generation-action-solidaire.org\/wp-content\/uploads\/2025\/11\/WhatsApp-Image-2025-11-03-at-16.45.18-694x1024.jpeg 694w, https:\/\/www.generation-action-solidaire.org\/wp-content\/uploads\/2025\/11\/WhatsApp-Image-2025-11-03-at-16.45.18-203x300.jpeg 203w, https:\/\/www.generation-action-solidaire.org\/wp-content\/uploads\/2025\/11\/WhatsApp-Image-2025-11-03-at-16.45.18-768x1133.jpeg 768w, https:\/\/www.generation-action-solidaire.org\/wp-content\/uploads\/2025\/11\/WhatsApp-Image-2025-11-03-at-16.45.18-1041x1536.jpeg 1041w, https:\/\/www.generation-action-solidaire.org\/wp-content\/uploads\/2025\/11\/WhatsApp-Image-2025-11-03-at-16.45.18.jpeg 1388w\" sizes=\"auto, (max-width: 694px) 100vw, 694px\" \/><\/figure>\n\n\n\n<div class=\"wp-block-group has-white-color has-ti-accent-background-color has-text-color has-background has-link-color wp-elements-f149f1a4877a9c40785b2cc987a959f9 is-layout-flow wp-block-group-is-layout-flow\">\n<h3 class=\"wp-block-heading has-text-align-center\">Modalit\u00e9s d&rsquo;inscription<\/h3>\n<\/div>\n\n\n\n<div class=\"wp-block-columns is-layout-flex wp-container-core-columns-is-layout-28f84493 wp-block-columns-is-layout-flex\">\n<div class=\"wp-block-column is-layout-flow wp-block-column-is-layout-flow\">\n<p>Etape 1 : Pour vous inscrire ou vous r\u00e9inscrire aux<strong> cours d&rsquo;alphab\u00e9tisation<\/strong>, veuillez remplir le formulaire ci-dessous :<\/p>\n\n\n\n<div data-wp-interactive=\"core\/file\" class=\"wp-block-file\" style=\"margin-right:0;margin-left:0;padding-right:0;padding-left:0\"><object data-wp-bind--hidden=\"!state.hasPdfPreview\" hidden class=\"wp-block-file__embed\" data=\"https:\/\/www.generation-action-solidaire.org\/wp-content\/uploads\/2025\/11\/fiche-inscription-cours-alphabetisation-2025-2026.pdf\" type=\"application\/pdf\" style=\"width:100%;height:600px\" aria-label=\"Contenu embarqu\u00e9 fiche inscription cours alphab\u00e9tisation 2025-2026.\"><\/object><a id=\"wp-block-file--media-2c6efaa3-84ba-4c1e-ae43-66b2c91b8da3\" href=\"https:\/\/www.generation-action-solidaire.org\/wp-content\/uploads\/2025\/11\/fiche-inscription-cours-alphabetisation-2025-2026.pdf\">fiche inscription cours alphab\u00e9tisation 2025-2026<\/a><a href=\"https:\/\/www.generation-action-solidaire.org\/wp-content\/uploads\/2025\/11\/fiche-inscription-cours-alphabetisation-2025-2026.pdf\" class=\"wp-block-file__button wp-element-button\" download aria-describedby=\"wp-block-file--media-2c6efaa3-84ba-4c1e-ae43-66b2c91b8da3\">T\u00e9l\u00e9charger<\/a><\/div>\n<\/div>\n<\/div>\n\n\n\n<p class=\"has-black-color has-text-color has-link-color wp-elements-ead3ab9a8df412c50bdeb8a663d08523\">Etape 2 : Veuillez envoyer le formulaire compl\u00e9t\u00e9 et pi\u00e8ces demand\u00e9es par mail : <strong>generationactionsolidaire2018@gmail.com <\/strong><\/p>\n\n\n\n<p>Apr\u00e8s validation de votre inscription, vous recevrez un message pour effectuer le paiement des frais.<\/p>\n","protected":false},"excerpt":{"rendered":"<p>Horaire : Les cours d&rsquo;alphab\u00e9tisation pour les adultes sont de retour chaque dimanche de 14h \u00e0 15h15. Modalit\u00e9s d&rsquo;inscription Etape 1 : Pour vous inscrire ou vous r\u00e9inscrire aux cours d&rsquo;alphab\u00e9tisation, veuillez remplir le formulaire ci-dessous : Etape 2 : Veuillez envoyer le formulaire compl\u00e9t\u00e9 et pi\u00e8ces demand\u00e9es par mail : generationactionsolidaire2018@gmail.com Apr\u00e8s validation de [&hellip;]<\/p>\n","protected":false},"author":1,"featured_media":0,"parent":0,"menu_order":0,"comment_status":"closed","ping_status":"closed","template":"","meta":{"footnotes":""},"class_list":["post-215","page","type-page","status-publish","hentry"],"yoast_head":"<!-- This site is optimized with the Yoast SEO plugin v25.6 - https:\/\/yoast.com\/wordpress\/plugins\/seo\/ -->\n<title>Cours d&#039;alphab\u00e9tisation - G\u00e9n\u00e9ration Action Solidaire<\/title>\n<meta name=\"robots\" content=\"index, follow, max-snippet:-1, max-image-preview:large, max-video-preview:-1\" \/>\n<link rel=\"canonical\" href=\"https:\/\/www.generation-action-solidaire.org\/index.php\/cours-dalphabetisation\/\" \/>\n<meta property=\"og:locale\" content=\"fr_FR\" \/>\n<meta property=\"og:type\" content=\"article\" \/>\n<meta property=\"og:title\" content=\"Cours d&#039;alphab\u00e9tisation - G\u00e9n\u00e9ration Action Solidaire\" \/>\n<meta property=\"og:description\" content=\"Horaire : Les cours d&rsquo;alphab\u00e9tisation pour les adultes sont de retour chaque dimanche de 14h \u00e0 15h15. Modalit\u00e9s d&rsquo;inscription Etape 1 : Pour vous inscrire ou vous r\u00e9inscrire aux cours d&rsquo;alphab\u00e9tisation, veuillez remplir le formulaire ci-dessous : Etape 2 : Veuillez envoyer le formulaire compl\u00e9t\u00e9 et pi\u00e8ces demand\u00e9es par mail : generationactionsolidaire2018@gmail.com Apr\u00e8s validation de [&hellip;]\" \/>\n<meta property=\"og:url\" content=\"https:\/\/www.generation-action-solidaire.org\/index.php\/cours-dalphabetisation\/\" \/>\n<meta property=\"og:site_name\" content=\"G\u00e9n\u00e9ration Action Solidaire\" \/>\n<meta property=\"article:modified_time\" content=\"2025-11-03T22:53:57+00:00\" \/>\n<meta property=\"og:image\" content=\"https:\/\/www.generation-action-solidaire.org\/wp-content\/uploads\/2025\/11\/WhatsApp-Image-2025-11-03-at-16.45.18.jpeg\" \/>\n\t<meta property=\"og:image:width\" content=\"1388\" \/>\n\t<meta property=\"og:image:height\" content=\"2048\" \/>\n\t<meta property=\"og:image:type\" content=\"image\/jpeg\" \/>\n<meta name=\"twitter:card\" content=\"summary_large_image\" \/>\n<meta name=\"twitter:label1\" content=\"Dur\u00e9e de lecture estim\u00e9e\" \/>\n\t<meta name=\"twitter:data1\" content=\"1 minute\" \/>\n<script type=\"application\/ld+json\" class=\"yoast-schema-graph\">{\"@context\":\"https:\/\/schema.org\",\"@graph\":[{\"@type\":\"WebPage\",\"@id\":\"https:\/\/www.generation-action-solidaire.org\/index.php\/cours-dalphabetisation\/\",\"url\":\"https:\/\/www.generation-action-solidaire.org\/index.php\/cours-dalphabetisation\/\",\"name\":\"Cours d'alphab\u00e9tisation - G\u00e9n\u00e9ration Action Solidaire\",\"isPartOf\":{\"@id\":\"https:\/\/www.generation-action-solidaire.org\/#website\"},\"primaryImageOfPage\":{\"@id\":\"https:\/\/www.generation-action-solidaire.org\/index.php\/cours-dalphabetisation\/#primaryimage\"},\"image\":{\"@id\":\"https:\/\/www.generation-action-solidaire.org\/index.php\/cours-dalphabetisation\/#primaryimage\"},\"thumbnailUrl\":\"https:\/\/www.generation-action-solidaire.org\/wp-content\/uploads\/2025\/11\/WhatsApp-Image-2025-11-03-at-16.45.18-694x1024.jpeg\",\"datePublished\":\"2025-07-16T02:37:16+00:00\",\"dateModified\":\"2025-11-03T22:53:57+00:00\",\"breadcrumb\":{\"@id\":\"https:\/\/www.generation-action-solidaire.org\/index.php\/cours-dalphabetisation\/#breadcrumb\"},\"inLanguage\":\"fr-FR\",\"potentialAction\":[{\"@type\":\"ReadAction\",\"target\":[\"https:\/\/www.generation-action-solidaire.org\/index.php\/cours-dalphabetisation\/\"]}]},{\"@type\":\"ImageObject\",\"inLanguage\":\"fr-FR\",\"@id\":\"https:\/\/www.generation-action-solidaire.org\/index.php\/cours-dalphabetisation\/#primaryimage\",\"url\":\"https:\/\/www.generation-action-solidaire.org\/wp-content\/uploads\/2025\/11\/WhatsApp-Image-2025-11-03-at-16.45.18.jpeg\",\"contentUrl\":\"https:\/\/www.generation-action-solidaire.org\/wp-content\/uploads\/2025\/11\/WhatsApp-Image-2025-11-03-at-16.45.18.jpeg\",\"width\":1388,\"height\":2048},{\"@type\":\"BreadcrumbList\",\"@id\":\"https:\/\/www.generation-action-solidaire.org\/index.php\/cours-dalphabetisation\/#breadcrumb\",\"itemListElement\":[{\"@type\":\"ListItem\",\"position\":1,\"name\":\"Accueil\",\"item\":\"https:\/\/www.generation-action-solidaire.org\/\"},{\"@type\":\"ListItem\",\"position\":2,\"name\":\"Cours d&rsquo;alphab\u00e9tisation\"}]},{\"@type\":\"WebSite\",\"@id\":\"https:\/\/www.generation-action-solidaire.org\/#website\",\"url\":\"https:\/\/www.generation-action-solidaire.org\/\",\"name\":\"G\u00e9n\u00e9ration Action Solidaire\",\"description\":\"\",\"publisher\":{\"@id\":\"https:\/\/www.generation-action-solidaire.org\/#organization\"},\"potentialAction\":[{\"@type\":\"SearchAction\",\"target\":{\"@type\":\"EntryPoint\",\"urlTemplate\":\"https:\/\/www.generation-action-solidaire.org\/?s={search_term_string}\"},\"query-input\":{\"@type\":\"PropertyValueSpecification\",\"valueRequired\":true,\"valueName\":\"search_term_string\"}}],\"inLanguage\":\"fr-FR\"},{\"@type\":\"Organization\",\"@id\":\"https:\/\/www.generation-action-solidaire.org\/#organization\",\"name\":\"G\u00e9n\u00e9ration Action Solidaire\",\"url\":\"https:\/\/www.generation-action-solidaire.org\/\",\"logo\":{\"@type\":\"ImageObject\",\"inLanguage\":\"fr-FR\",\"@id\":\"https:\/\/www.generation-action-solidaire.org\/#\/schema\/logo\/image\/\",\"url\":\"https:\/\/www.generation-action-solidaire.org\/wp-content\/uploads\/2025\/07\/logo-gas.jpg\",\"contentUrl\":\"https:\/\/www.generation-action-solidaire.org\/wp-content\/uploads\/2025\/07\/logo-gas.jpg\",\"width\":224,\"height\":224,\"caption\":\"G\u00e9n\u00e9ration Action Solidaire\"},\"image\":{\"@id\":\"https:\/\/www.generation-action-solidaire.org\/#\/schema\/logo\/image\/\"},\"sameAs\":[\"https:\/\/www.instagram.com\/generation_action_solidaire\/\"]}]}<\/script>\n<!-- \/ Yoast SEO plugin. -->","yoast_head_json":{"title":"Cours d'alphab\u00e9tisation - G\u00e9n\u00e9ration Action Solidaire","robots":{"index":"index","follow":"follow","max-snippet":"max-snippet:-1","max-image-preview":"max-image-preview:large","max-video-preview":"max-video-preview:-1"},"canonical":"https:\/\/www.generation-action-solidaire.org\/index.php\/cours-dalphabetisation\/","og_locale":"fr_FR","og_type":"article","og_title":"Cours d'alphab\u00e9tisation - G\u00e9n\u00e9ration Action Solidaire","og_description":"Horaire : Les cours d&rsquo;alphab\u00e9tisation pour les adultes sont de retour chaque dimanche de 14h \u00e0 15h15. Modalit\u00e9s d&rsquo;inscription Etape 1 : Pour vous inscrire ou vous r\u00e9inscrire aux cours d&rsquo;alphab\u00e9tisation, veuillez remplir le formulaire ci-dessous : Etape 2 : Veuillez envoyer le formulaire compl\u00e9t\u00e9 et pi\u00e8ces demand\u00e9es par mail : generationactionsolidaire2018@gmail.com Apr\u00e8s validation de [&hellip;]","og_url":"https:\/\/www.generation-action-solidaire.org\/index.php\/cours-dalphabetisation\/","og_site_name":"G\u00e9n\u00e9ration Action Solidaire","article_modified_time":"2025-11-03T22:53:57+00:00","og_image":[{"width":1388,"height":2048,"url":"https:\/\/www.generation-action-solidaire.org\/wp-content\/uploads\/2025\/11\/WhatsApp-Image-2025-11-03-at-16.45.18.jpeg","type":"image\/jpeg"}],"twitter_card":"summary_large_image","twitter_misc":{"Dur\u00e9e de lecture estim\u00e9e":"1 minute"},"schema":{"@context":"https:\/\/schema.org","@graph":[{"@type":"WebPage","@id":"https:\/\/www.generation-action-solidaire.org\/index.php\/cours-dalphabetisation\/","url":"https:\/\/www.generation-action-solidaire.org\/index.php\/cours-dalphabetisation\/","name":"Cours d'alphab\u00e9tisation - G\u00e9n\u00e9ration Action Solidaire","isPartOf":{"@id":"https:\/\/www.generation-action-solidaire.org\/#website"},"primaryImageOfPage":{"@id":"https:\/\/www.generation-action-solidaire.org\/index.php\/cours-dalphabetisation\/#primaryimage"},"image":{"@id":"https:\/\/www.generation-action-solidaire.org\/index.php\/cours-dalphabetisation\/#primaryimage"},"thumbnailUrl":"https:\/\/www.generation-action-solidaire.org\/wp-content\/uploads\/2025\/11\/WhatsApp-Image-2025-11-03-at-16.45.18-694x1024.jpeg","datePublished":"2025-07-16T02:37:16+00:00","dateModified":"2025-11-03T22:53:57+00:00","breadcrumb":{"@id":"https:\/\/www.generation-action-solidaire.org\/index.php\/cours-dalphabetisation\/#breadcrumb"},"inLanguage":"fr-FR","potentialAction":[{"@type":"ReadAction","target":["https:\/\/www.generation-action-solidaire.org\/index.php\/cours-dalphabetisation\/"]}]},{"@type":"ImageObject","inLanguage":"fr-FR","@id":"https:\/\/www.generation-action-solidaire.org\/index.php\/cours-dalphabetisation\/#primaryimage","url":"https:\/\/www.generation-action-solidaire.org\/wp-content\/uploads\/2025\/11\/WhatsApp-Image-2025-11-03-at-16.45.18.jpeg","contentUrl":"https:\/\/www.generation-action-solidaire.org\/wp-content\/uploads\/2025\/11\/WhatsApp-Image-2025-11-03-at-16.45.18.jpeg","width":1388,"height":2048},{"@type":"BreadcrumbList","@id":"https:\/\/www.generation-action-solidaire.org\/index.php\/cours-dalphabetisation\/#breadcrumb","itemListElement":[{"@type":"ListItem","position":1,"name":"Accueil","item":"https:\/\/www.generation-action-solidaire.org\/"},{"@type":"ListItem","position":2,"name":"Cours d&rsquo;alphab\u00e9tisation"}]},{"@type":"WebSite","@id":"https:\/\/www.generation-action-solidaire.org\/#website","url":"https:\/\/www.generation-action-solidaire.org\/","name":"G\u00e9n\u00e9ration Action Solidaire","description":"","publisher":{"@id":"https:\/\/www.generation-action-solidaire.org\/#organization"},"potentialAction":[{"@type":"SearchAction","target":{"@type":"EntryPoint","urlTemplate":"https:\/\/www.generation-action-solidaire.org\/?s={search_term_string}"},"query-input":{"@type":"PropertyValueSpecification","valueRequired":true,"valueName":"search_term_string"}}],"inLanguage":"fr-FR"},{"@type":"Organization","@id":"https:\/\/www.generation-action-solidaire.org\/#organization","name":"G\u00e9n\u00e9ration Action Solidaire","url":"https:\/\/www.generation-action-solidaire.org\/","logo":{"@type":"ImageObject","inLanguage":"fr-FR","@id":"https:\/\/www.generation-action-solidaire.org\/#\/schema\/logo\/image\/","url":"https:\/\/www.generation-action-solidaire.org\/wp-content\/uploads\/2025\/07\/logo-gas.jpg","contentUrl":"https:\/\/www.generation-action-solidaire.org\/wp-content\/uploads\/2025\/07\/logo-gas.jpg","width":224,"height":224,"caption":"G\u00e9n\u00e9ration Action Solidaire"},"image":{"@id":"https:\/\/www.generation-action-solidaire.org\/#\/schema\/logo\/image\/"},"sameAs":["https:\/\/www.instagram.com\/generation_action_solidaire\/"]}]}},"_links":{"self":[{"href":"https:\/\/www.generation-action-solidaire.org\/index.php\/wp-json\/wp\/v2\/pages\/215","targetHints":{"allow":["GET"]}}],"collection":[{"href":"https:\/\/www.generation-action-solidaire.org\/index.php\/wp-json\/wp\/v2\/pages"}],"about":[{"href":"https:\/\/www.generation-action-solidaire.org\/index.php\/wp-json\/wp\/v2\/types\/page"}],"author":[{"embeddable":true,"href":"https:\/\/www.generation-action-solidaire.org\/index.php\/wp-json\/wp\/v2\/users\/1"}],"replies":[{"embeddable":true,"href":"https:\/\/www.generation-action-solidaire.org\/index.php\/wp-json\/wp\/v2\/comments?post=215"}],"version-history":[{"count":8,"href":"https:\/\/www.generation-action-solidaire.org\/index.php\/wp-json\/wp\/v2\/pages\/215\/revisions"}],"predecessor-version":[{"id":626,"href":"https:\/\/www.generation-action-solidaire.org\/index.php\/wp-json\/wp\/v2\/pages\/215\/revisions\/626"}],"wp:attachment":[{"href":"https:\/\/www.generation-action-solidaire.org\/index.php\/wp-json\/wp\/v2\/media?parent=215"}],"curies":[{"name":"wp","href":"https:\/\/api.w.org\/{rel}","templated":true}]}}