{"id":213,"date":"2025-07-16T04:37:44","date_gmt":"2025-07-16T02:37:44","guid":{"rendered":"http:\/\/localhost\/generationactionsolidaire\/?page_id=213"},"modified":"2025-08-02T20:47:46","modified_gmt":"2025-08-02T18:47:46","slug":"cours-daeronautique","status":"publish","type":"page","link":"https:\/\/www.generation-action-solidaire.org\/index.php\/cours-daeronautique\/","title":{"rendered":"Cours d&rsquo;a\u00e9ronautique"},"content":{"rendered":"\n<div class=\"wp-block-group alignfull has-ti-fg-color has-ti-bg-inv-background-color has-text-color has-background is-layout-constrained wp-container-core-group-is-layout-f4a48e69 wp-block-group-is-layout-constrained\" style=\"margin-top:0px;margin-bottom:0px;padding-top:64px;padding-bottom:64px;background-image:url(&apos;https:\/\/www.generation-action-solidaire.org\/wp-content\/uploads\/2025\/07\/d6a634f7-cb84-4101-aad4-f1efce58a9f6.jpg&apos;);background-position:40% 59%;background-size:cover;\">\n<div style=\"height:100px\" aria-hidden=\"true\" class=\"wp-block-spacer\"><\/div>\n\n\n\n<div class=\"wp-block-group alignwide is-layout-flow wp-block-group-is-layout-flow\">\n<div class=\"wp-block-group alignwide is-layout-constrained wp-block-group-is-layout-constrained\"><h1 class=\"has-text-align-center has-link-color alignwide wp-elements-1659c55acbbddafa0a8ef96f81e64794 wp-block-post-title has-text-color has-white-color\">Cours d&rsquo;a\u00e9ronautique<\/h1><\/div>\n<\/div>\n\n\n\n<div style=\"height:100px\" aria-hidden=\"true\" class=\"wp-block-spacer\"><\/div>\n<\/div>\n\n\n\n<div class=\"wp-block-columns is-layout-flex wp-container-core-columns-is-layout-28f84493 wp-block-columns-is-layout-flex\">\n<div class=\"wp-block-column is-layout-flow wp-block-column-is-layout-flow\">\n<h3 class=\"wp-block-heading\">Cours d&rsquo;a\u00e9ronautique<\/h3>\n\n\n\n<p>Nous organisations des cours d&rsquo;a\u00e9ronautique encadr\u00e9s afin d&rsquo; \u00e9largir les horizons et susciter des vocations.<\/p>\n\n\n\n<div class=\"wp-block-columns is-layout-flex wp-container-core-columns-is-layout-9c22b1e3 wp-block-columns-is-layout-flex\">\n<div class=\"wp-block-column is-layout-flow wp-block-column-is-layout-flow\">\n<figure class=\"wp-block-image size-large is-resized\"><img loading=\"lazy\" decoding=\"async\" width=\"1024\" height=\"578\" src=\"http:\/\/localhost\/generationactionsolidaire\/wp-content\/uploads\/2025\/07\/Capture-decran-2025-07-29-135838-1024x578.png\" alt=\"\" class=\"wp-image-373\" style=\"width:354px;height:auto\" srcset=\"https:\/\/www.generation-action-solidaire.org\/wp-content\/uploads\/2025\/07\/Capture-decran-2025-07-29-135838-1024x578.png 1024w, https:\/\/www.generation-action-solidaire.org\/wp-content\/uploads\/2025\/07\/Capture-decran-2025-07-29-135838-300x169.png 300w, https:\/\/www.generation-action-solidaire.org\/wp-content\/uploads\/2025\/07\/Capture-decran-2025-07-29-135838-768x433.png 768w, https:\/\/www.generation-action-solidaire.org\/wp-content\/uploads\/2025\/07\/Capture-decran-2025-07-29-135838-1536x867.png 1536w, https:\/\/www.generation-action-solidaire.org\/wp-content\/uploads\/2025\/07\/Capture-decran-2025-07-29-135838.png 1653w\" sizes=\"auto, (max-width: 1024px) 100vw, 1024px\" \/><\/figure>\n<\/div>\n\n\n\n<div class=\"wp-block-column is-layout-flow wp-block-column-is-layout-flow\">\n<figure class=\"wp-block-image size-large is-resized\"><img loading=\"lazy\" decoding=\"async\" width=\"1024\" height=\"576\" src=\"http:\/\/localhost\/generationactionsolidaire\/wp-content\/uploads\/2025\/07\/d5b9ef03-1361-4e8d-8ecc-fdbe33a8ec96-1024x576.jpg\" alt=\"\" class=\"wp-image-374\" style=\"width:348px;height:auto\" srcset=\"https:\/\/www.generation-action-solidaire.org\/wp-content\/uploads\/2025\/07\/d5b9ef03-1361-4e8d-8ecc-fdbe33a8ec96-1024x576.jpg 1024w, https:\/\/www.generation-action-solidaire.org\/wp-content\/uploads\/2025\/07\/d5b9ef03-1361-4e8d-8ecc-fdbe33a8ec96-300x169.jpg 300w, https:\/\/www.generation-action-solidaire.org\/wp-content\/uploads\/2025\/07\/d5b9ef03-1361-4e8d-8ecc-fdbe33a8ec96-768x432.jpg 768w, https:\/\/www.generation-action-solidaire.org\/wp-content\/uploads\/2025\/07\/d5b9ef03-1361-4e8d-8ecc-fdbe33a8ec96-1536x864.jpg 1536w, https:\/\/www.generation-action-solidaire.org\/wp-content\/uploads\/2025\/07\/d5b9ef03-1361-4e8d-8ecc-fdbe33a8ec96.jpg 1920w\" sizes=\"auto, (max-width: 1024px) 100vw, 1024px\" \/><\/figure>\n<\/div>\n\n\n\n<div class=\"wp-block-column is-layout-flow wp-container-core-column-is-layout-8a368f38 wp-block-column-is-layout-flow\">\n<figure class=\"wp-block-image size-large is-resized\"><img loading=\"lazy\" decoding=\"async\" width=\"1024\" height=\"704\" src=\"http:\/\/localhost\/generationactionsolidaire\/wp-content\/uploads\/2025\/07\/8086af95-ec4a-4721-8434-eb7b438f7bc6-1-1024x704.jpg\" alt=\"\" class=\"wp-image-487\" style=\"width:281px;height:auto\" srcset=\"https:\/\/www.generation-action-solidaire.org\/wp-content\/uploads\/2025\/07\/8086af95-ec4a-4721-8434-eb7b438f7bc6-1-1024x704.jpg 1024w, https:\/\/www.generation-action-solidaire.org\/wp-content\/uploads\/2025\/07\/8086af95-ec4a-4721-8434-eb7b438f7bc6-1-300x206.jpg 300w, https:\/\/www.generation-action-solidaire.org\/wp-content\/uploads\/2025\/07\/8086af95-ec4a-4721-8434-eb7b438f7bc6-1-768x528.jpg 768w, https:\/\/www.generation-action-solidaire.org\/wp-content\/uploads\/2025\/07\/8086af95-ec4a-4721-8434-eb7b438f7bc6-1-1536x1055.jpg 1536w, https:\/\/www.generation-action-solidaire.org\/wp-content\/uploads\/2025\/07\/8086af95-ec4a-4721-8434-eb7b438f7bc6-1.jpg 1572w\" sizes=\"auto, (max-width: 1024px) 100vw, 1024px\" \/><\/figure>\n<\/div>\n<\/div>\n\n\n\n<h3 class=\"wp-block-heading\">Horaires et lieu :<\/h3>\n\n\n\n<p class=\"has-vivid-red-color has-text-color has-link-color wp-elements-a41c814ce31be8d09cef79e36308cbf7\"><strong><em>Les cours d&rsquo;a\u00e9ronautique seront de retour en octobre 2025<\/em><\/strong>.<strong><em> Nous reviendrons vers vous ult\u00e9rieurement pour vous communiquer toutes les informations n\u00e9cessaires<\/em><\/strong>.<\/p>\n\n\n\n<div style=\"background-image:url(&apos;http:\/\/localhost\/generationactionsolidaire\/wp-content\/uploads\/2025\/07\/Capture-decran-2025-07-29-144711-1.png&apos;);background-position:52% 61%;background-size:cover;\" class=\"wp-block-group has-white-color has-ti-bg-background-color has-text-color has-background has-link-color wp-elements-2da44ac6aa8d8839b7aeee972fe1946a is-layout-flow wp-block-group-is-layout-flow\">\n<h3 class=\"wp-block-heading has-text-align-center has-ti-fg-color has-text-color has-link-color wp-elements-63728163d2ba2fd38ff898f888a04a4b\">Modalit\u00e9s d&rsquo;inscription<\/h3>\n<\/div>\n\n\n\n<p>Pour vous inscrire ou vous r\u00e9inscrire, veuillez remplir le formulaire ci ci-dessous :<\/p>\n\n\n\n<p class=\"has-text-align-center has-vivid-red-color has-text-color has-link-color wp-elements-4ab447deddb18a448ab6b41071116fe9\"><strong><em>formulaire \u00e0 venir <\/em><\/strong><\/p>\n<\/div>\n<\/div>\n","protected":false},"excerpt":{"rendered":"<p>Cours d&rsquo;a\u00e9ronautique Nous organisations des cours d&rsquo;a\u00e9ronautique encadr\u00e9s afin d&rsquo; \u00e9largir les horizons et susciter des vocations. Horaires et lieu : Les cours d&rsquo;a\u00e9ronautique seront de retour en octobre 2025. Nous reviendrons vers vous ult\u00e9rieurement pour vous communiquer toutes les informations n\u00e9cessaires. Modalit\u00e9s d&rsquo;inscription Pour vous inscrire ou vous r\u00e9inscrire, veuillez remplir le formulaire ci [&hellip;]<\/p>\n","protected":false},"author":1,"featured_media":0,"parent":0,"menu_order":0,"comment_status":"closed","ping_status":"closed","template":"","meta":{"footnotes":""},"class_list":["post-213","page","type-page","status-publish","hentry"],"yoast_head":"<!-- This site is optimized with the Yoast SEO plugin v25.6 - https:\/\/yoast.com\/wordpress\/plugins\/seo\/ -->\n<title>Cours d&#039;a\u00e9ronautique - G\u00e9n\u00e9ration Action Solidaire<\/title>\n<meta name=\"robots\" content=\"index, follow, max-snippet:-1, max-image-preview:large, max-video-preview:-1\" \/>\n<link rel=\"canonical\" href=\"https:\/\/www.generation-action-solidaire.org\/index.php\/cours-daeronautique\/\" \/>\n<meta property=\"og:locale\" content=\"fr_FR\" \/>\n<meta property=\"og:type\" content=\"article\" \/>\n<meta property=\"og:title\" content=\"Cours d&#039;a\u00e9ronautique - G\u00e9n\u00e9ration Action Solidaire\" \/>\n<meta property=\"og:description\" content=\"Cours d&rsquo;a\u00e9ronautique Nous organisations des cours d&rsquo;a\u00e9ronautique encadr\u00e9s afin d&rsquo; \u00e9largir les horizons et susciter des vocations. Horaires et lieu : Les cours d&rsquo;a\u00e9ronautique seront de retour en octobre 2025. Nous reviendrons vers vous ult\u00e9rieurement pour vous communiquer toutes les informations n\u00e9cessaires. Modalit\u00e9s d&rsquo;inscription Pour vous inscrire ou vous r\u00e9inscrire, veuillez remplir le formulaire ci [&hellip;]\" \/>\n<meta property=\"og:url\" content=\"https:\/\/www.generation-action-solidaire.org\/index.php\/cours-daeronautique\/\" \/>\n<meta property=\"og:site_name\" content=\"G\u00e9n\u00e9ration Action Solidaire\" \/>\n<meta property=\"article:modified_time\" content=\"2025-08-02T18:47:46+00:00\" \/>\n<meta property=\"og:image\" content=\"https:\/\/www.generation-action-solidaire.org\/wp-content\/uploads\/2025\/07\/Capture-decran-2025-07-29-135838.png\" \/>\n\t<meta property=\"og:image:width\" content=\"1653\" \/>\n\t<meta property=\"og:image:height\" content=\"933\" \/>\n\t<meta property=\"og:image:type\" content=\"image\/png\" \/>\n<meta name=\"twitter:card\" content=\"summary_large_image\" \/>\n<meta name=\"twitter:label1\" content=\"Dur\u00e9e de lecture estim\u00e9e\" \/>\n\t<meta name=\"twitter:data1\" content=\"1 minute\" \/>\n<script type=\"application\/ld+json\" class=\"yoast-schema-graph\">{\"@context\":\"https:\/\/schema.org\",\"@graph\":[{\"@type\":\"WebPage\",\"@id\":\"https:\/\/www.generation-action-solidaire.org\/index.php\/cours-daeronautique\/\",\"url\":\"https:\/\/www.generation-action-solidaire.org\/index.php\/cours-daeronautique\/\",\"name\":\"Cours d'a\u00e9ronautique - G\u00e9n\u00e9ration Action Solidaire\",\"isPartOf\":{\"@id\":\"https:\/\/www.generation-action-solidaire.org\/#website\"},\"primaryImageOfPage\":{\"@id\":\"https:\/\/www.generation-action-solidaire.org\/index.php\/cours-daeronautique\/#primaryimage\"},\"image\":{\"@id\":\"https:\/\/www.generation-action-solidaire.org\/index.php\/cours-daeronautique\/#primaryimage\"},\"thumbnailUrl\":\"http:\/\/localhost\/generationactionsolidaire\/wp-content\/uploads\/2025\/07\/Capture-decran-2025-07-29-135838-1024x578.png\",\"datePublished\":\"2025-07-16T02:37:44+00:00\",\"dateModified\":\"2025-08-02T18:47:46+00:00\",\"breadcrumb\":{\"@id\":\"https:\/\/www.generation-action-solidaire.org\/index.php\/cours-daeronautique\/#breadcrumb\"},\"inLanguage\":\"fr-FR\",\"potentialAction\":[{\"@type\":\"ReadAction\",\"target\":[\"https:\/\/www.generation-action-solidaire.org\/index.php\/cours-daeronautique\/\"]}]},{\"@type\":\"ImageObject\",\"inLanguage\":\"fr-FR\",\"@id\":\"https:\/\/www.generation-action-solidaire.org\/index.php\/cours-daeronautique\/#primaryimage\",\"url\":\"http:\/\/localhost\/generationactionsolidaire\/wp-content\/uploads\/2025\/07\/Capture-decran-2025-07-29-135838-1024x578.png\",\"contentUrl\":\"http:\/\/localhost\/generationactionsolidaire\/wp-content\/uploads\/2025\/07\/Capture-decran-2025-07-29-135838-1024x578.png\"},{\"@type\":\"BreadcrumbList\",\"@id\":\"https:\/\/www.generation-action-solidaire.org\/index.php\/cours-daeronautique\/#breadcrumb\",\"itemListElement\":[{\"@type\":\"ListItem\",\"position\":1,\"name\":\"Accueil\",\"item\":\"https:\/\/www.generation-action-solidaire.org\/\"},{\"@type\":\"ListItem\",\"position\":2,\"name\":\"Cours d&rsquo;a\u00e9ronautique\"}]},{\"@type\":\"WebSite\",\"@id\":\"https:\/\/www.generation-action-solidaire.org\/#website\",\"url\":\"https:\/\/www.generation-action-solidaire.org\/\",\"name\":\"G\u00e9n\u00e9ration Action Solidaire\",\"description\":\"\",\"publisher\":{\"@id\":\"https:\/\/www.generation-action-solidaire.org\/#organization\"},\"potentialAction\":[{\"@type\":\"SearchAction\",\"target\":{\"@type\":\"EntryPoint\",\"urlTemplate\":\"https:\/\/www.generation-action-solidaire.org\/?s={search_term_string}\"},\"query-input\":{\"@type\":\"PropertyValueSpecification\",\"valueRequired\":true,\"valueName\":\"search_term_string\"}}],\"inLanguage\":\"fr-FR\"},{\"@type\":\"Organization\",\"@id\":\"https:\/\/www.generation-action-solidaire.org\/#organization\",\"name\":\"G\u00e9n\u00e9ration Action Solidaire\",\"url\":\"https:\/\/www.generation-action-solidaire.org\/\",\"logo\":{\"@type\":\"ImageObject\",\"inLanguage\":\"fr-FR\",\"@id\":\"https:\/\/www.generation-action-solidaire.org\/#\/schema\/logo\/image\/\",\"url\":\"https:\/\/www.generation-action-solidaire.org\/wp-content\/uploads\/2025\/07\/logo-gas.jpg\",\"contentUrl\":\"https:\/\/www.generation-action-solidaire.org\/wp-content\/uploads\/2025\/07\/logo-gas.jpg\",\"width\":224,\"height\":224,\"caption\":\"G\u00e9n\u00e9ration Action Solidaire\"},\"image\":{\"@id\":\"https:\/\/www.generation-action-solidaire.org\/#\/schema\/logo\/image\/\"},\"sameAs\":[\"https:\/\/www.instagram.com\/generation_action_solidaire\/\"]}]}<\/script>\n<!-- \/ Yoast SEO plugin. -->","yoast_head_json":{"title":"Cours d'a\u00e9ronautique - G\u00e9n\u00e9ration Action Solidaire","robots":{"index":"index","follow":"follow","max-snippet":"max-snippet:-1","max-image-preview":"max-image-preview:large","max-video-preview":"max-video-preview:-1"},"canonical":"https:\/\/www.generation-action-solidaire.org\/index.php\/cours-daeronautique\/","og_locale":"fr_FR","og_type":"article","og_title":"Cours d'a\u00e9ronautique - G\u00e9n\u00e9ration Action Solidaire","og_description":"Cours d&rsquo;a\u00e9ronautique Nous organisations des cours d&rsquo;a\u00e9ronautique encadr\u00e9s afin d&rsquo; \u00e9largir les horizons et susciter des vocations. Horaires et lieu : Les cours d&rsquo;a\u00e9ronautique seront de retour en octobre 2025. Nous reviendrons vers vous ult\u00e9rieurement pour vous communiquer toutes les informations n\u00e9cessaires. Modalit\u00e9s d&rsquo;inscription Pour vous inscrire ou vous r\u00e9inscrire, veuillez remplir le formulaire ci [&hellip;]","og_url":"https:\/\/www.generation-action-solidaire.org\/index.php\/cours-daeronautique\/","og_site_name":"G\u00e9n\u00e9ration Action Solidaire","article_modified_time":"2025-08-02T18:47:46+00:00","og_image":[{"width":1653,"height":933,"url":"https:\/\/www.generation-action-solidaire.org\/wp-content\/uploads\/2025\/07\/Capture-decran-2025-07-29-135838.png","type":"image\/png"}],"twitter_card":"summary_large_image","twitter_misc":{"Dur\u00e9e de lecture estim\u00e9e":"1 minute"},"schema":{"@context":"https:\/\/schema.org","@graph":[{"@type":"WebPage","@id":"https:\/\/www.generation-action-solidaire.org\/index.php\/cours-daeronautique\/","url":"https:\/\/www.generation-action-solidaire.org\/index.php\/cours-daeronautique\/","name":"Cours d'a\u00e9ronautique - G\u00e9n\u00e9ration Action Solidaire","isPartOf":{"@id":"https:\/\/www.generation-action-solidaire.org\/#website"},"primaryImageOfPage":{"@id":"https:\/\/www.generation-action-solidaire.org\/index.php\/cours-daeronautique\/#primaryimage"},"image":{"@id":"https:\/\/www.generation-action-solidaire.org\/index.php\/cours-daeronautique\/#primaryimage"},"thumbnailUrl":"http:\/\/localhost\/generationactionsolidaire\/wp-content\/uploads\/2025\/07\/Capture-decran-2025-07-29-135838-1024x578.png","datePublished":"2025-07-16T02:37:44+00:00","dateModified":"2025-08-02T18:47:46+00:00","breadcrumb":{"@id":"https:\/\/www.generation-action-solidaire.org\/index.php\/cours-daeronautique\/#breadcrumb"},"inLanguage":"fr-FR","potentialAction":[{"@type":"ReadAction","target":["https:\/\/www.generation-action-solidaire.org\/index.php\/cours-daeronautique\/"]}]},{"@type":"ImageObject","inLanguage":"fr-FR","@id":"https:\/\/www.generation-action-solidaire.org\/index.php\/cours-daeronautique\/#primaryimage","url":"http:\/\/localhost\/generationactionsolidaire\/wp-content\/uploads\/2025\/07\/Capture-decran-2025-07-29-135838-1024x578.png","contentUrl":"http:\/\/localhost\/generationactionsolidaire\/wp-content\/uploads\/2025\/07\/Capture-decran-2025-07-29-135838-1024x578.png"},{"@type":"BreadcrumbList","@id":"https:\/\/www.generation-action-solidaire.org\/index.php\/cours-daeronautique\/#breadcrumb","itemListElement":[{"@type":"ListItem","position":1,"name":"Accueil","item":"https:\/\/www.generation-action-solidaire.org\/"},{"@type":"ListItem","position":2,"name":"Cours d&rsquo;a\u00e9ronautique"}]},{"@type":"WebSite","@id":"https:\/\/www.generation-action-solidaire.org\/#website","url":"https:\/\/www.generation-action-solidaire.org\/","name":"G\u00e9n\u00e9ration Action Solidaire","description":"","publisher":{"@id":"https:\/\/www.generation-action-solidaire.org\/#organization"},"potentialAction":[{"@type":"SearchAction","target":{"@type":"EntryPoint","urlTemplate":"https:\/\/www.generation-action-solidaire.org\/?s={search_term_string}"},"query-input":{"@type":"PropertyValueSpecification","valueRequired":true,"valueName":"search_term_string"}}],"inLanguage":"fr-FR"},{"@type":"Organization","@id":"https:\/\/www.generation-action-solidaire.org\/#organization","name":"G\u00e9n\u00e9ration Action Solidaire","url":"https:\/\/www.generation-action-solidaire.org\/","logo":{"@type":"ImageObject","inLanguage":"fr-FR","@id":"https:\/\/www.generation-action-solidaire.org\/#\/schema\/logo\/image\/","url":"https:\/\/www.generation-action-solidaire.org\/wp-content\/uploads\/2025\/07\/logo-gas.jpg","contentUrl":"https:\/\/www.generation-action-solidaire.org\/wp-content\/uploads\/2025\/07\/logo-gas.jpg","width":224,"height":224,"caption":"G\u00e9n\u00e9ration Action Solidaire"},"image":{"@id":"https:\/\/www.generation-action-solidaire.org\/#\/schema\/logo\/image\/"},"sameAs":["https:\/\/www.instagram.com\/generation_action_solidaire\/"]}]}},"_links":{"self":[{"href":"https:\/\/www.generation-action-solidaire.org\/index.php\/wp-json\/wp\/v2\/pages\/213","targetHints":{"allow":["GET"]}}],"collection":[{"href":"https:\/\/www.generation-action-solidaire.org\/index.php\/wp-json\/wp\/v2\/pages"}],"about":[{"href":"https:\/\/www.generation-action-solidaire.org\/index.php\/wp-json\/wp\/v2\/types\/page"}],"author":[{"embeddable":true,"href":"https:\/\/www.generation-action-solidaire.org\/index.php\/wp-json\/wp\/v2\/users\/1"}],"replies":[{"embeddable":true,"href":"https:\/\/www.generation-action-solidaire.org\/index.php\/wp-json\/wp\/v2\/comments?post=213"}],"version-history":[{"count":8,"href":"https:\/\/www.generation-action-solidaire.org\/index.php\/wp-json\/wp\/v2\/pages\/213\/revisions"}],"predecessor-version":[{"id":541,"href":"https:\/\/www.generation-action-solidaire.org\/index.php\/wp-json\/wp\/v2\/pages\/213\/revisions\/541"}],"wp:attachment":[{"href":"https:\/\/www.generation-action-solidaire.org\/index.php\/wp-json\/wp\/v2\/media?parent=213"}],"curies":[{"name":"wp","href":"https:\/\/api.w.org\/{rel}","templated":true}]}}