{"id":14,"date":"2025-07-07T15:00:51","date_gmt":"2025-07-07T13:00:51","guid":{"rendered":"http:\/\/localhost\/generationactionsolidaire\/?page_id=14"},"modified":"2025-08-02T20:54:52","modified_gmt":"2025-08-02T18:54:52","slug":"qui-sommes-nous","status":"publish","type":"page","link":"https:\/\/www.generation-action-solidaire.org\/index.php\/qui-sommes-nous\/","title":{"rendered":"Qui sommes nous ?"},"content":{"rendered":"\n<div class=\"wp-block-group alignfull has-ti-bg-alt-color has-ti-bg-inv-background-color has-text-color has-background is-layout-constrained wp-container-core-group-is-layout-f4a48e69 wp-block-group-is-layout-constrained\" style=\"margin-top:0px;margin-bottom:0px;padding-top:64px;padding-bottom:64px;background-image:url(&apos;https:\/\/www.generation-action-solidaire.org\/wp-content\/uploads\/2025\/07\/IMG_6395-Copie-2.jpg&apos;);background-position:49% 52%;background-size:cover;\">\n<div style=\"height:100px\" aria-hidden=\"true\" class=\"wp-block-spacer\"><\/div>\n\n\n\n<div class=\"wp-block-group alignwide is-layout-flow wp-block-group-is-layout-flow\">\n<div class=\"wp-block-group alignwide is-layout-constrained wp-block-group-is-layout-constrained\"><h1 class=\"has-text-align-center has-link-color alignwide wp-elements-1659c55acbbddafa0a8ef96f81e64794 wp-block-post-title has-text-color has-white-color\">Qui sommes nous ?<\/h1><\/div>\n<\/div>\n\n\n\n<div style=\"height:100px\" aria-hidden=\"true\" class=\"wp-block-spacer\"><\/div>\n<\/div>\n\n\n\n<h2 class=\"wp-block-heading has-text-align-center\">Pr\u00e9sentation de l&rsquo;association<\/h2>\n\n\n\n<p class=\"has-text-align-center\" style=\"padding-top:0;padding-right:var(--wp--preset--spacing--80);padding-bottom:0;padding-left:var(--wp--preset--spacing--80)\">Notre association, implant\u00e9e en Ile-de-France, a pour vocation d\u2019apporter aide et soutien aux personnes en difficult\u00e9.<\/p>\n\n\n\n<p class=\"has-text-align-center\" style=\"padding-top:0;padding-right:var(--wp--preset--spacing--80);padding-bottom:0;padding-left:var(--wp--preset--spacing--80)\">Nous nous engageons \u00e0 apporter une aide dans 3 domaines essentiels : mat\u00e9riel*, alimentaire* \u00e9ducatif et social.*<\/p>\n\n\n\n<p class=\"has-text-align-center\" style=\"padding-top:0;padding-right:var(--wp--preset--spacing--50);padding-bottom:0;padding-left:var(--wp--preset--spacing--50)\"><br>Chaque jour, nous mettons tout en \u0153uvre pour soulager ceux qui font face \u00e0 des situations pr\u00e9caires et pour leur redonner espoir et dignit\u00e9.<br>Nos actions reposent sur la g\u00e9n\u00e9rosit\u00e9 et l\u2019implication d\u2019une \u00e9quipe de b\u00e9n\u00e9voles d\u00e9vou\u00e9s. Au sein de notre structure, l&rsquo;entraide est au c\u0153ur de notre d\u00e9marche. Nos membres les plus exp\u00e9riment\u00e9s partagent leurs savoirs et leurs comp\u00e9tences avec les plus jeunes, garantissant ainsi une transmission des valeurs et une continuit\u00e9 dans la qualit\u00e9 de notre soutien. Gr\u00e2ce \u00e0 notre solidarit\u00e9 et \u00e0 notre engagement, nous contribuons activement \u00e0 am\u00e9liorer le quotidien des plus vuln\u00e9rables, en renfor\u00e7ant le tissu social de notre r\u00e9gion. Nous agissons essentiellement dans les d\u00e9partements de Seine-Saint-Denis, Hauts-de-Seine, l\u2019Essonne et les Yvelines. Nous parvenons aussi a\u0300 entendre nos aides dans d\u2019autres d\u00e9partements du fait de la pr\u00e9sence de certains membres dans ces secteurs<\/p>\n\n\n\n<div class=\"wp-block-group is-vertical is-content-justification-center is-layout-flex wp-container-core-group-is-layout-48081200 wp-block-group-is-layout-flex\">\n<h4 class=\"wp-block-heading has-text-align-left\">Notre organisation et \u00e9quipe :<\/h4>\n\n\n\n<p><strong>Pr\u00e9sident :<\/strong> Garant de la mission et de la vision de l&rsquo;association. <\/p>\n\n\n\n<p><strong>Secr\u00e9taire g\u00e9n\u00e9rale :<\/strong> Coordination, gestion administrative, archives, et communication interne.<\/p>\n\n\n\n<p><strong>Tr\u00e9sorier :<\/strong> Gestion des finances, suivi des budgets, transparence dans la gestion des dons.<\/p>\n\n\n\n<p><strong>B\u00e9n\u00e9voles :<\/strong> 30 b\u00e9n\u00e9voles engag\u00e9s contribuent aux actions quotidiennes.<\/p>\n<\/div>\n\n\n\n<h2 class=\"wp-block-heading has-text-align-center\">Nos missions<\/h2>\n\n\n\n<p class=\"has-text-align-center\">&#8211; Distribution de produits alimentaires aux personnes en situation de pr\u00e9carit\u00e9 (colis alimentaires, maraudes)<br>&#8211; Fourniture de mat\u00e9riel de premi\u00e8re n\u00e9cessit\u00e9 (v\u00eatements, mobilier,<br>\u00e9lectrom\u00e9nager, etc.).<\/p>\n\n\n\n<p class=\"has-text-align-center\">-Mise en place d&rsquo;ateliers d&rsquo;anglais , a\u00e9ronautique, informatique, ateliers manuels ludiques<br>&#8211; Accompagnement et orientation vers des dispositifs sociaux adapt\u00e9s<\/p>\n\n\n\n<p class=\"has-text-align-center\">-Mise en place de braderies solidaires, ressourcerie \u00e9ph\u00e9m\u00e8re, vide-greniers<\/p>\n\n\n\n<p class=\"has-text-align-center\">&#8211; Boutique solidaire ouverte chaque samedi de 11h \u00e0 18h \u00e0 La Courneuve et collecte de dons chaque lundi de 13h \u00e0 16h<\/p>\n\n\n\n<div style=\"background-image:url(&apos;https:\/\/www.generation-action-solidaire.org\/wp-content\/uploads\/2025\/07\/IMG_6395-Copie-fotor-2025070911012.png&apos;);background-size:cover;\" class=\"wp-block-group has-white-color has-ti-bg-background-color has-text-color has-background has-link-color wp-elements-f8f92836eda3e76a87e564bb070909e7 is-layout-flow wp-block-group-is-layout-flow\">\n<h2 class=\"wp-block-heading has-text-align-center\">Nos valeurs<\/h2>\n\n\n\n<p class=\"has-text-align-center\">Comme pour nos b\u00e9n\u00e9ficiaires, nous ne faisons aucune distinction de sexe, de religion, ou d\u2019origine lorsqu\u2019il s\u2019agit de nos b\u00e9n\u00e9voles. En effet, c\u2019est avant tout les c\u0153urs qui s\u2019unissent pour permettre d&rsquo;aider les personnes dans des situations pr\u00e9caires tout en respectant leur dignit\u00e9.<\/p>\n\n\n\n<p class=\"has-text-align-center\">Notre action est universelle car elle s\u2019adresse \u00e0 l\u2019humanit\u00e9.<\/p>\n<\/div>\n\n\n\n<h2 class=\"wp-block-heading has-text-align-center\">Quelques chiffres  :<\/h2>\n\n\n\n<p class=\"has-text-align-center\"><strong>360 b\u00e9n\u00e9ficiaires&nbsp;<\/strong>de l\u2019aide alimentaire en 2024<br><strong>6,23<\/strong> <strong>tonnes&nbsp;<\/strong>de&nbsp;<strong>denr\u00e9es alimentaires<\/strong>&nbsp;collect\u00e9es en 2024<\/p>\n\n\n\n<p class=\"has-text-align-center\"><strong>471kg de dons<\/strong> collect\u00e9s en 4 mois apr\u00e8s l&rsquo;ouverture de la <strong>boutique solidaire<\/strong> en mars 2025 (<strong>200kg <\/strong>de v\u00eatements)<br><strong>960 <\/strong>personnes ont achet\u00e9 en 4 mois depuis l&rsquo;ouverture<\/p>\n","protected":false},"excerpt":{"rendered":"<p>Pr\u00e9sentation de l&rsquo;association Notre association, implant\u00e9e en Ile-de-France, a pour vocation d\u2019apporter aide et soutien aux personnes en difficult\u00e9. Nous nous engageons \u00e0 apporter une aide dans 3 domaines essentiels : mat\u00e9riel*, alimentaire* \u00e9ducatif et social.* Chaque jour, nous mettons tout en \u0153uvre pour soulager ceux qui font face \u00e0 des situations pr\u00e9caires et pour [&hellip;]<\/p>\n","protected":false},"author":1,"featured_media":0,"parent":0,"menu_order":0,"comment_status":"closed","ping_status":"closed","template":"","meta":{"footnotes":""},"class_list":["post-14","page","type-page","status-publish","hentry"],"yoast_head":"<!-- This site is optimized with the Yoast SEO plugin v25.6 - https:\/\/yoast.com\/wordpress\/plugins\/seo\/ -->\n<title>Qui sommes nous ? - G\u00e9n\u00e9ration Action Solidaire<\/title>\n<meta name=\"robots\" content=\"index, follow, max-snippet:-1, max-image-preview:large, max-video-preview:-1\" \/>\n<link rel=\"canonical\" href=\"https:\/\/www.generation-action-solidaire.org\/index.php\/qui-sommes-nous\/\" \/>\n<meta property=\"og:locale\" content=\"fr_FR\" \/>\n<meta property=\"og:type\" content=\"article\" \/>\n<meta property=\"og:title\" content=\"Qui sommes nous ? - G\u00e9n\u00e9ration Action Solidaire\" \/>\n<meta property=\"og:description\" content=\"Pr\u00e9sentation de l&rsquo;association Notre association, implant\u00e9e en Ile-de-France, a pour vocation d\u2019apporter aide et soutien aux personnes en difficult\u00e9. Nous nous engageons \u00e0 apporter une aide dans 3 domaines essentiels : mat\u00e9riel*, alimentaire* \u00e9ducatif et social.* Chaque jour, nous mettons tout en \u0153uvre pour soulager ceux qui font face \u00e0 des situations pr\u00e9caires et pour [&hellip;]\" \/>\n<meta property=\"og:url\" content=\"https:\/\/www.generation-action-solidaire.org\/index.php\/qui-sommes-nous\/\" \/>\n<meta property=\"og:site_name\" content=\"G\u00e9n\u00e9ration Action Solidaire\" \/>\n<meta property=\"article:modified_time\" content=\"2025-08-02T18:54:52+00:00\" \/>\n<meta name=\"twitter:card\" content=\"summary_large_image\" \/>\n<meta name=\"twitter:label1\" content=\"Dur\u00e9e de lecture estim\u00e9e\" \/>\n\t<meta name=\"twitter:data1\" content=\"3 minutes\" \/>\n<script type=\"application\/ld+json\" class=\"yoast-schema-graph\">{\"@context\":\"https:\/\/schema.org\",\"@graph\":[{\"@type\":\"WebPage\",\"@id\":\"https:\/\/www.generation-action-solidaire.org\/index.php\/qui-sommes-nous\/\",\"url\":\"https:\/\/www.generation-action-solidaire.org\/index.php\/qui-sommes-nous\/\",\"name\":\"Qui sommes nous ? - G\u00e9n\u00e9ration Action Solidaire\",\"isPartOf\":{\"@id\":\"https:\/\/www.generation-action-solidaire.org\/#website\"},\"datePublished\":\"2025-07-07T13:00:51+00:00\",\"dateModified\":\"2025-08-02T18:54:52+00:00\",\"breadcrumb\":{\"@id\":\"https:\/\/www.generation-action-solidaire.org\/index.php\/qui-sommes-nous\/#breadcrumb\"},\"inLanguage\":\"fr-FR\",\"potentialAction\":[{\"@type\":\"ReadAction\",\"target\":[\"https:\/\/www.generation-action-solidaire.org\/index.php\/qui-sommes-nous\/\"]}]},{\"@type\":\"BreadcrumbList\",\"@id\":\"https:\/\/www.generation-action-solidaire.org\/index.php\/qui-sommes-nous\/#breadcrumb\",\"itemListElement\":[{\"@type\":\"ListItem\",\"position\":1,\"name\":\"Accueil\",\"item\":\"https:\/\/www.generation-action-solidaire.org\/\"},{\"@type\":\"ListItem\",\"position\":2,\"name\":\"Qui sommes nous ?\"}]},{\"@type\":\"WebSite\",\"@id\":\"https:\/\/www.generation-action-solidaire.org\/#website\",\"url\":\"https:\/\/www.generation-action-solidaire.org\/\",\"name\":\"G\u00e9n\u00e9ration Action Solidaire\",\"description\":\"\",\"publisher\":{\"@id\":\"https:\/\/www.generation-action-solidaire.org\/#organization\"},\"potentialAction\":[{\"@type\":\"SearchAction\",\"target\":{\"@type\":\"EntryPoint\",\"urlTemplate\":\"https:\/\/www.generation-action-solidaire.org\/?s={search_term_string}\"},\"query-input\":{\"@type\":\"PropertyValueSpecification\",\"valueRequired\":true,\"valueName\":\"search_term_string\"}}],\"inLanguage\":\"fr-FR\"},{\"@type\":\"Organization\",\"@id\":\"https:\/\/www.generation-action-solidaire.org\/#organization\",\"name\":\"G\u00e9n\u00e9ration Action Solidaire\",\"url\":\"https:\/\/www.generation-action-solidaire.org\/\",\"logo\":{\"@type\":\"ImageObject\",\"inLanguage\":\"fr-FR\",\"@id\":\"https:\/\/www.generation-action-solidaire.org\/#\/schema\/logo\/image\/\",\"url\":\"https:\/\/www.generation-action-solidaire.org\/wp-content\/uploads\/2025\/07\/logo-gas.jpg\",\"contentUrl\":\"https:\/\/www.generation-action-solidaire.org\/wp-content\/uploads\/2025\/07\/logo-gas.jpg\",\"width\":224,\"height\":224,\"caption\":\"G\u00e9n\u00e9ration Action Solidaire\"},\"image\":{\"@id\":\"https:\/\/www.generation-action-solidaire.org\/#\/schema\/logo\/image\/\"},\"sameAs\":[\"https:\/\/www.instagram.com\/generation_action_solidaire\/\"]}]}<\/script>\n<!-- \/ Yoast SEO plugin. -->","yoast_head_json":{"title":"Qui sommes nous ? - G\u00e9n\u00e9ration Action Solidaire","robots":{"index":"index","follow":"follow","max-snippet":"max-snippet:-1","max-image-preview":"max-image-preview:large","max-video-preview":"max-video-preview:-1"},"canonical":"https:\/\/www.generation-action-solidaire.org\/index.php\/qui-sommes-nous\/","og_locale":"fr_FR","og_type":"article","og_title":"Qui sommes nous ? - G\u00e9n\u00e9ration Action Solidaire","og_description":"Pr\u00e9sentation de l&rsquo;association Notre association, implant\u00e9e en Ile-de-France, a pour vocation d\u2019apporter aide et soutien aux personnes en difficult\u00e9. Nous nous engageons \u00e0 apporter une aide dans 3 domaines essentiels : mat\u00e9riel*, alimentaire* \u00e9ducatif et social.* Chaque jour, nous mettons tout en \u0153uvre pour soulager ceux qui font face \u00e0 des situations pr\u00e9caires et pour [&hellip;]","og_url":"https:\/\/www.generation-action-solidaire.org\/index.php\/qui-sommes-nous\/","og_site_name":"G\u00e9n\u00e9ration Action Solidaire","article_modified_time":"2025-08-02T18:54:52+00:00","twitter_card":"summary_large_image","twitter_misc":{"Dur\u00e9e de lecture estim\u00e9e":"3 minutes"},"schema":{"@context":"https:\/\/schema.org","@graph":[{"@type":"WebPage","@id":"https:\/\/www.generation-action-solidaire.org\/index.php\/qui-sommes-nous\/","url":"https:\/\/www.generation-action-solidaire.org\/index.php\/qui-sommes-nous\/","name":"Qui sommes nous ? - G\u00e9n\u00e9ration Action Solidaire","isPartOf":{"@id":"https:\/\/www.generation-action-solidaire.org\/#website"},"datePublished":"2025-07-07T13:00:51+00:00","dateModified":"2025-08-02T18:54:52+00:00","breadcrumb":{"@id":"https:\/\/www.generation-action-solidaire.org\/index.php\/qui-sommes-nous\/#breadcrumb"},"inLanguage":"fr-FR","potentialAction":[{"@type":"ReadAction","target":["https:\/\/www.generation-action-solidaire.org\/index.php\/qui-sommes-nous\/"]}]},{"@type":"BreadcrumbList","@id":"https:\/\/www.generation-action-solidaire.org\/index.php\/qui-sommes-nous\/#breadcrumb","itemListElement":[{"@type":"ListItem","position":1,"name":"Accueil","item":"https:\/\/www.generation-action-solidaire.org\/"},{"@type":"ListItem","position":2,"name":"Qui sommes nous ?"}]},{"@type":"WebSite","@id":"https:\/\/www.generation-action-solidaire.org\/#website","url":"https:\/\/www.generation-action-solidaire.org\/","name":"G\u00e9n\u00e9ration Action Solidaire","description":"","publisher":{"@id":"https:\/\/www.generation-action-solidaire.org\/#organization"},"potentialAction":[{"@type":"SearchAction","target":{"@type":"EntryPoint","urlTemplate":"https:\/\/www.generation-action-solidaire.org\/?s={search_term_string}"},"query-input":{"@type":"PropertyValueSpecification","valueRequired":true,"valueName":"search_term_string"}}],"inLanguage":"fr-FR"},{"@type":"Organization","@id":"https:\/\/www.generation-action-solidaire.org\/#organization","name":"G\u00e9n\u00e9ration Action Solidaire","url":"https:\/\/www.generation-action-solidaire.org\/","logo":{"@type":"ImageObject","inLanguage":"fr-FR","@id":"https:\/\/www.generation-action-solidaire.org\/#\/schema\/logo\/image\/","url":"https:\/\/www.generation-action-solidaire.org\/wp-content\/uploads\/2025\/07\/logo-gas.jpg","contentUrl":"https:\/\/www.generation-action-solidaire.org\/wp-content\/uploads\/2025\/07\/logo-gas.jpg","width":224,"height":224,"caption":"G\u00e9n\u00e9ration Action Solidaire"},"image":{"@id":"https:\/\/www.generation-action-solidaire.org\/#\/schema\/logo\/image\/"},"sameAs":["https:\/\/www.instagram.com\/generation_action_solidaire\/"]}]}},"_links":{"self":[{"href":"https:\/\/www.generation-action-solidaire.org\/index.php\/wp-json\/wp\/v2\/pages\/14","targetHints":{"allow":["GET"]}}],"collection":[{"href":"https:\/\/www.generation-action-solidaire.org\/index.php\/wp-json\/wp\/v2\/pages"}],"about":[{"href":"https:\/\/www.generation-action-solidaire.org\/index.php\/wp-json\/wp\/v2\/types\/page"}],"author":[{"embeddable":true,"href":"https:\/\/www.generation-action-solidaire.org\/index.php\/wp-json\/wp\/v2\/users\/1"}],"replies":[{"embeddable":true,"href":"https:\/\/www.generation-action-solidaire.org\/index.php\/wp-json\/wp\/v2\/comments?post=14"}],"version-history":[{"count":15,"href":"https:\/\/www.generation-action-solidaire.org\/index.php\/wp-json\/wp\/v2\/pages\/14\/revisions"}],"predecessor-version":[{"id":550,"href":"https:\/\/www.generation-action-solidaire.org\/index.php\/wp-json\/wp\/v2\/pages\/14\/revisions\/550"}],"wp:attachment":[{"href":"https:\/\/www.generation-action-solidaire.org\/index.php\/wp-json\/wp\/v2\/media?parent=14"}],"curies":[{"name":"wp","href":"https:\/\/api.w.org\/{rel}","templated":true}]}}